{"id":646,"date":"2023-08-28T17:33:44","date_gmt":"2023-08-28T15:33:44","guid":{"rendered":"https:\/\/icsi.insuco.com\/qui-sommes-nous\/"},"modified":"2026-02-19T20:38:41","modified_gmt":"2026-02-19T19:38:41","slug":"qui-sommes-nous","status":"publish","type":"page","link":"https:\/\/icsi.insuco.com\/fr\/qui-sommes-nous\/","title":{"rendered":"A propos de nous"},"content":{"rendered":"<p>[et_pb_section fb_built=\u00a0\u00bb1&Prime; _builder_version=\u00a0\u00bb4.22.1&Prime; _module_preset=\u00a0\u00bbdefault\u00a0\u00bb background_color=\u00a0\u00bb#05838E\u00a0\u00bb custom_margin_tablet=\u00a0\u00bb\u00a0\u00bb custom_margin_phone=\u00a0\u00bb\u00a0\u00bb custom_margin_last_edited=\u00a0\u00bbon|phone\u00a0\u00bb custom_padding=\u00a0\u00bb||19px|||\u00a0\u00bb bottom_divider_color=\u00a0\u00bb#FFFFFF\u00a0\u00bb bottom_divider_height=\u00a0\u00bb43px\u00a0\u00bb bottom_divider_flip=\u00a0\u00bbhorizontal\u00a0\u00bb bottom_divider_height_tablet=\u00a0\u00bb43px\u00a0\u00bb bottom_divider_height_phone=\u00a0\u00bb32px\u00a0\u00bb bottom_divider_height_last_edited=\u00a0\u00bbon|phone\u00a0\u00bb saved_tabs=\u00a0\u00bball\u00a0\u00bb locked=\u00a0\u00bboff\u00a0\u00bb global_colors_info=\u00a0\u00bb{}\u00a0\u00bb][et_pb_row custom_padding_last_edited=\u00a0\u00bbon|desktop\u00a0\u00bb _builder_version=\u00a0\u00bb4.22.1&Prime; _module_preset=\u00a0\u00bbdefault\u00a0\u00bb custom_padding=\u00a0\u00bb||0px|||\u00a0\u00bb custom_padding_tablet=\u00a0\u00bb||0px||false|false\u00a0\u00bb custom_padding_phone=\u00a0\u00bb||0px||false|false\u00a0\u00bb global_colors_info=\u00a0\u00bb{}\u00a0\u00bb][et_pb_column type=\u00a0\u00bb4_4&Prime; _builder_version=\u00a0\u00bb4.22.0&Prime; _module_preset=\u00a0\u00bbdefault\u00a0\u00bb global_colors_info=\u00a0\u00bb{}\u00a0\u00bb][et_pb_blurb title=\u00a0\u00bb@ET-DC@eyJkeW5hbWljIjp0cnVlLCJjb250ZW50IjoicG9zdF90aXRsZSIsInNldHRpbmdzIjp7ImJlZm9yZSI6IiIsImFmdGVyIjoiIn19@\u00a0\u00bb image=\u00a0\u00bbhttps:\/\/icsi.insuco.com\/wp-content\/uploads\/2023\/08\/element-logo-2.png\u00a0\u00bb icon_placement=\u00a0\u00bbleft\u00a0\u00bb content_max_width=\u00a0\u00bb4400px\u00a0\u00bb image_icon_width_tablet=\u00a0\u00bb\u00a0\u00bb image_icon_width_phone=\u00a0\u00bb18px\u00a0\u00bb image_icon_width_last_edited=\u00a0\u00bbon|phone\u00a0\u00bb _builder_version=\u00a0\u00bb4.22.0&Prime; _dynamic_attributes=\u00a0\u00bbtitle\u00a0\u00bb _module_preset=\u00a0\u00bbdefault\u00a0\u00bb header_level=\u00a0\u00bbh1&Prime; header_font=\u00a0\u00bbRubik|600||on|||||\u00a0\u00bb header_text_color=\u00a0\u00bb#FFFFFF\u00a0\u00bb header_font_size=\u00a0\u00bb60px\u00a0\u00bb header_line_height=\u00a0\u00bb1.1em\u00a0\u00bb image_icon_custom_margin=\u00a0\u00bb||||false|false\u00a0\u00bb image_icon_custom_padding=\u00a0\u00bb13px||||false|false\u00a0\u00bb image_icon_custom_padding_tablet=\u00a0\u00bb7px||||false|false\u00a0\u00bb image_icon_custom_padding_phone=\u00a0\u00bb4px||||false|false\u00a0\u00bb image_icon_custom_padding_last_edited=\u00a0\u00bbon|tablet\u00a0\u00bb header_font_size_tablet=\u00a0\u00bb46px\u00a0\u00bb header_font_size_phone=\u00a0\u00bb25px\u00a0\u00bb header_font_size_last_edited=\u00a0\u00bbon|tablet\u00a0\u00bb custom_css_blurb_title=\u00a0\u00bbpadding-left:30px;\u00a0\u00bb global_colors_info=\u00a0\u00bb{}\u00a0\u00bb custom_css_blurb_title_last_edited=\u00a0\u00bbon|phone\u00a0\u00bb custom_css_blurb_title_phone=\u00a0\u00bbpadding-left:10px;\u00a0\u00bb custom_css_blurb_title_tablet=\u00a0\u00bbpadding-left:30px;\u00a0\u00bb][\/et_pb_blurb][\/et_pb_column][\/et_pb_row][\/et_pb_section][et_pb_section fb_built=\u00a0\u00bb1&Prime; prev_background_color=\u00a0\u00bb#05838E\u00a0\u00bb module_id=\u00a0\u00bbinitiatives-objectifs\u00a0\u00bb _builder_version=\u00a0\u00bb4.22.0&Prime; _module_preset=\u00a0\u00bbdefault\u00a0\u00bb use_background_color_gradient=\u00a0\u00bbon\u00a0\u00bb background_color_gradient_direction=\u00a0\u00bb90deg\u00a0\u00bb background_color_gradient_stops=\u00a0\u00bb#05838e 0%|#f8ab36 40%|rgba(248,171,54,0.08) 74%\u00a0\u00bb background_color_gradient_overlays_image=\u00a0\u00bbon\u00a0\u00bb background_enable_pattern_style=\u00a0\u00bbon\u00a0\u00bb background_pattern_style=\u00a0\u00bbdiagonal-stripes-2&Prime; background_pattern_color=\u00a0\u00bb#FFFFFF\u00a0\u00bb background_pattern_transform=\u00a0\u00bbinvert\u00a0\u00bb background_pattern_blend_mode=\u00a0\u00bbscreen\u00a0\u00bb custom_margin=\u00a0\u00bb||||false|false\u00a0\u00bb custom_padding=\u00a0\u00bb129px||0px||false|false\u00a0\u00bb top_divider_style=\u00a0\u00bbasymmetric\u00a0\u00bb top_divider_height=\u00a0\u00bb60px\u00a0\u00bb top_divider_flip=\u00a0\u00bbhorizontal\u00a0\u00bb global_colors_info=\u00a0\u00bb{}\u00a0\u00bb][et_pb_row _builder_version=\u00a0\u00bb4.22.0&Prime; _module_preset=\u00a0\u00bbdefault\u00a0\u00bb custom_padding=\u00a0\u00bb0px||0px|||\u00a0\u00bb global_colors_info=\u00a0\u00bb{}\u00a0\u00bb][et_pb_column type=\u00a0\u00bb4_4&Prime; _builder_version=\u00a0\u00bb4.22.0&Prime; _module_preset=\u00a0\u00bbdefault\u00a0\u00bb global_colors_info=\u00a0\u00bb{}\u00a0\u00bb][et_pb_text _builder_version=\u00a0\u00bb4.22.0&Prime; _module_preset=\u00a0\u00bbdefault\u00a0\u00bb header_2_font=\u00a0\u00bb|||on|||||\u00a0\u00bb header_2_text_color=\u00a0\u00bb#FFFFFF\u00a0\u00bb header_2_font_size=\u00a0\u00bb37px\u00a0\u00bb header_2_line_height=\u00a0\u00bb1.2em\u00a0\u00bb background_color=\u00a0\u00bb#05838E\u00a0\u00bb use_background_color_gradient=\u00a0\u00bbon\u00a0\u00bb background_color_gradient_direction=\u00a0\u00bb90deg\u00a0\u00bb background_color_gradient_stops=\u00a0\u00bb#05838e 0%|#f8ab36 100%\u00a0\u00bb custom_padding=\u00a0\u00bb2px|15px||15px|false|false\u00a0\u00bb header_2_font_size_tablet=\u00a0\u00bb31px\u00a0\u00bb header_2_font_size_phone=\u00a0\u00bb22px\u00a0\u00bb header_2_font_size_last_edited=\u00a0\u00bbon|phone\u00a0\u00bb custom_css_main_element=\u00a0\u00bbwidth:fit-content;\u00a0\u00bb global_colors_info=\u00a0\u00bb{}\u00a0\u00bb]<\/p>\n<h2>Nos initiatives et objectifs<\/h2>\n<p>[\/et_pb_text][\/et_pb_column][\/et_pb_row][\/et_pb_section][et_pb_section fb_built=\u00a0\u00bb1&Prime; module_id=\u00a0\u00bbInitiatives\u00a0\u00bb _builder_version=\u00a0\u00bb4.22.0&Prime; custom_padding=\u00a0\u00bb||||false|false\u00a0\u00bb global_colors_info=\u00a0\u00bb{}\u00a0\u00bb][et_pb_row column_structure=\u00a0\u00bb3_5,2_5&Prime; use_custom_gutter=\u00a0\u00bbon\u00a0\u00bb gutter_width=\u00a0\u00bb1&Prime; make_equal=\u00a0\u00bbon\u00a0\u00bb _builder_version=\u00a0\u00bb4.22.0&Prime; background_size=\u00a0\u00bbinitial\u00a0\u00bb background_position=\u00a0\u00bbtop_left\u00a0\u00bb background_repeat=\u00a0\u00bbrepeat\u00a0\u00bb custom_padding=\u00a0\u00bb||1px|||\u00a0\u00bb global_colors_info=\u00a0\u00bb{}\u00a0\u00bb][et_pb_column type=\u00a0\u00bb3_5&Prime; _builder_version=\u00a0\u00bb4.16&Prime; custom_padding=\u00a0\u00bb|||\u00a0\u00bb global_colors_info=\u00a0\u00bb{}\u00a0\u00bb custom_padding__hover=\u00a0\u00bb|||\u00a0\u00bb][et_pb_image src=\u00a0\u00bbhttps:\/\/icsi.insuco.com\/wp-content\/uploads\/2023\/10\/four-latin-kids-sitting-on-wall.jpg\u00a0\u00bb _builder_version=\u00a0\u00bb4.22.1&Prime; _module_preset=\u00a0\u00bbdefault\u00a0\u00bb global_colors_info=\u00a0\u00bb{}\u00a0\u00bb][\/et_pb_image][\/et_pb_column][et_pb_column type=\u00a0\u00bb2_5&Prime; _builder_version=\u00a0\u00bb4.22.0&Prime; custom_padding=\u00a0\u00bb46px|10px||50px|false|false\u00a0\u00bb custom_padding_tablet=\u00a0\u00bb40px|0px||0px|false|false\u00a0\u00bb custom_padding_phone=\u00a0\u00bb40px|0px||0px|false|false\u00a0\u00bb custom_padding_last_edited=\u00a0\u00bbon|tablet\u00a0\u00bb custom_css_main_element=\u00a0\u00bbmargin:auto;\u00a0\u00bb border_color_all=\u00a0\u00bb#F8AB36&Prime; border_width_top=\u00a0\u00bb6px\u00a0\u00bb border_color_bottom=\u00a0\u00bb#F8AB36&Prime; border_width_top_tablet=\u00a0\u00bb0px\u00a0\u00bb border_width_top_phone=\u00a0\u00bb0px\u00a0\u00bb border_width_top_last_edited=\u00a0\u00bbon|tablet\u00a0\u00bb global_colors_info=\u00a0\u00bb{}\u00a0\u00bb custom_padding__hover=\u00a0\u00bb|||\u00a0\u00bb][et_pb_text module_class=\u00a0\u00bbpa-heading-line-right2&Prime; _builder_version=\u00a0\u00bb4.22.1&Prime; text_font=\u00a0\u00bbOpen Sans||||||||\u00a0\u00bb text_line_height=\u00a0\u00bb1.8em\u00a0\u00bb header_font=\u00a0\u00bbRubik||||||||\u00a0\u00bb header_2_font=\u00a0\u00bbRubik||||||||\u00a0\u00bb header_2_text_align=\u00a0\u00bbleft\u00a0\u00bb header_2_text_color=\u00a0\u00bb#05838E\u00a0\u00bb header_2_font_size=\u00a0\u00bb33px\u00a0\u00bb header_3_font=\u00a0\u00bbRubik||||||||\u00a0\u00bb header_3_text_align=\u00a0\u00bbleft\u00a0\u00bb header_3_text_color=\u00a0\u00bb#05838E\u00a0\u00bb header_3_font_size=\u00a0\u00bb28px\u00a0\u00bb background_size=\u00a0\u00bbinitial\u00a0\u00bb background_position=\u00a0\u00bbtop_left\u00a0\u00bb background_repeat=\u00a0\u00bbrepeat\u00a0\u00bb header_2_font_size_tablet=\u00a0\u00bb33px\u00a0\u00bb header_2_font_size_phone=\u00a0\u00bb24px\u00a0\u00bb header_2_font_size_last_edited=\u00a0\u00bbon|phone\u00a0\u00bb header_3_font_size_tablet=\u00a0\u00bb28px\u00a0\u00bb header_3_font_size_phone=\u00a0\u00bb24px\u00a0\u00bb header_3_font_size_last_edited=\u00a0\u00bbon|tablet\u00a0\u00bb global_colors_info=\u00a0\u00bb{}\u00a0\u00bb]<\/p>\n<h3>Notre initiative<\/h3>\n<p>\u00c0 l&rsquo;ICSI, nous g\u00e9n\u00e9rons des innovations multidisciplinaires en tissant des liens avec une diversit\u00e9 d&rsquo;acteurs sociaux et en promouvant des activit\u00e9s de plaidoyer qui relient des questions globales \u00e0 des enjeux locaux. Notre mission est d\u2019accompagner les transformations des territoires sur lesquels nous intervenons en mobilisant nos r\u00e9seaux, les citoyens et notre expertise sociale.<\/p>\n<p>[\/et_pb_text][\/et_pb_column][\/et_pb_row][\/et_pb_section][et_pb_section fb_built=\u00a0\u00bb1&Prime; module_id=\u00a0\u00bbobjectifs\u00a0\u00bb _builder_version=\u00a0\u00bb4.22.0&Prime; global_colors_info=\u00a0\u00bb{}\u00a0\u00bb][et_pb_row _builder_version=\u00a0\u00bb4.22.0&Prime; _module_preset=\u00a0\u00bbdefault\u00a0\u00bb custom_padding=\u00a0\u00bb9px||0px|||\u00a0\u00bb global_colors_info=\u00a0\u00bb{}\u00a0\u00bb][et_pb_column type=\u00a0\u00bb4_4&Prime; _builder_version=\u00a0\u00bb4.22.0&Prime; _module_preset=\u00a0\u00bbdefault\u00a0\u00bb global_colors_info=\u00a0\u00bb{}\u00a0\u00bb][et_pb_text module_class=\u00a0\u00bbpa-heading-line-right\u00a0\u00bb _builder_version=\u00a0\u00bb4.22.0&Prime; text_font=\u00a0\u00bbOpen Sans||||||||\u00a0\u00bb text_line_height=\u00a0\u00bb1.8em\u00a0\u00bb header_font=\u00a0\u00bbRubik||||||||\u00a0\u00bb header_2_font=\u00a0\u00bbRubik||||||||\u00a0\u00bb header_2_text_color=\u00a0\u00bb#05838E\u00a0\u00bb header_2_font_size=\u00a0\u00bb33px\u00a0\u00bb header_3_font=\u00a0\u00bbRubik||||||||\u00a0\u00bb header_3_text_color=\u00a0\u00bb#05838E\u00a0\u00bb header_3_font_size=\u00a0\u00bb28px\u00a0\u00bb background_size=\u00a0\u00bbinitial\u00a0\u00bb background_position=\u00a0\u00bbtop_left\u00a0\u00bb background_repeat=\u00a0\u00bbrepeat\u00a0\u00bb header_2_font_size_tablet=\u00a0\u00bb33px\u00a0\u00bb header_2_font_size_phone=\u00a0\u00bb24px\u00a0\u00bb header_2_font_size_last_edited=\u00a0\u00bbon|phone\u00a0\u00bb header_3_font_size_tablet=\u00a0\u00bb28px\u00a0\u00bb header_3_font_size_phone=\u00a0\u00bb24px\u00a0\u00bb header_3_font_size_last_edited=\u00a0\u00bbon|tablet\u00a0\u00bb global_colors_info=\u00a0\u00bb{}\u00a0\u00bb]<\/p>\n<h3>Nos objectifs<\/h3>\n<p>[\/et_pb_text][\/et_pb_column][\/et_pb_row][et_pb_row column_structure=\u00a0\u00bb1_2,1_2&Prime; use_custom_gutter=\u00a0\u00bbon\u00a0\u00bb gutter_width=\u00a0\u00bb2&Prime; make_equal=\u00a0\u00bbon\u00a0\u00bb custom_padding_last_edited=\u00a0\u00bbon|tablet\u00a0\u00bb _builder_version=\u00a0\u00bb4.22.0&Prime; _module_preset=\u00a0\u00bbdefault\u00a0\u00bb min_height=\u00a0\u00bb300px\u00a0\u00bb custom_padding=\u00a0\u00bb||0px|||\u00a0\u00bb custom_padding_tablet=\u00a0\u00bb12px||||false|false\u00a0\u00bb custom_padding_phone=\u00a0\u00bb12px||||false|false\u00a0\u00bb global_colors_info=\u00a0\u00bb{}\u00a0\u00bb][et_pb_column type=\u00a0\u00bb1_2&Prime; module_class=\u00a0\u00bbblurb-reveal\u00a0\u00bb _builder_version=\u00a0\u00bb4.22.0&Prime; _module_preset=\u00a0\u00bbdefault\u00a0\u00bb background_color=\u00a0\u00bbrgba(208,226,229,0.27)\u00a0\u00bb animation_style=\u00a0\u00bbzoom\u00a0\u00bb custom_css_main_element=\u00a0\u00bbdisplay: flex;||flex-direction: column;||justify-content: center;\u00a0\u00bb global_colors_info=\u00a0\u00bb{}\u00a0\u00bb background__hover_enabled=\u00a0\u00bbon|hover\u00a0\u00bb background_color__hover=\u00a0\u00bb#05838E\u00a0\u00bb background_enable_color__hover=\u00a0\u00bbon\u00a0\u00bb custom_css_main_element_last_edited=\u00a0\u00bbon|desktop\u00a0\u00bb custom_css_main_element_tablet=\u00a0\u00bbpointer-events:none;\u00a0\u00bb custom_css_main_element_phone=\u00a0\u00bbpointer-events:none;\u00a0\u00bb][et_pb_blurb title=\u00a0\u00bbObjectiver les r\u00e9flexions et les \u00e9changes\u00a0\u00bb image=\u00a0\u00bbhttps:\/\/icsi.insuco.com\/wp-content\/uploads\/2023\/09\/chat.png\u00a0\u00bb image_icon_width=\u00a0\u00bb80px\u00a0\u00bb _builder_version=\u00a0\u00bb4.22.1&Prime; _module_preset=\u00a0\u00bbdefault\u00a0\u00bb header_text_align=\u00a0\u00bbcenter\u00a0\u00bb header_text_color=\u00a0\u00bb#05838E\u00a0\u00bb header_font_size=\u00a0\u00bb19px\u00a0\u00bb body_text_align=\u00a0\u00bbcenter\u00a0\u00bb body_text_color=\u00a0\u00bb#FFFFFF\u00a0\u00bb custom_padding=\u00a0\u00bb20px|20px|20px|20px|false|false\u00a0\u00bb hover_transition_duration=\u00a0\u00bb500ms\u00a0\u00bb body_text_color_tablet=\u00a0\u00bb#616160&Prime; body_text_color_phone=\u00a0\u00bb#616160&Prime; body_text_color_last_edited=\u00a0\u00bbon|tablet\u00a0\u00bb body_font_size_tablet=\u00a0\u00bb14px\u00a0\u00bb body_font_size_phone=\u00a0\u00bb14px\u00a0\u00bb body_font_size_last_edited=\u00a0\u00bbon|tablet\u00a0\u00bb body_line_height_tablet=\u00a0\u00bb1.8em\u00a0\u00bb body_line_height_phone=\u00a0\u00bb1.8em\u00a0\u00bb body_line_height_last_edited=\u00a0\u00bbon|tablet\u00a0\u00bb custom_css_blurb_image=\u00a0\u00bbmargin-bottom:10px;\u00a0\u00bb custom_css_blurb_title=\u00a0\u00bbmax-width:340px;||margin:auto;\u00a0\u00bb global_colors_info=\u00a0\u00bb{}\u00a0\u00bb title__hover_enabled=\u00a0\u00bbon|hover\u00a0\u00bb content__hover_enabled=\u00a0\u00bbon|hover\u00a0\u00bb background__hover_enabled=\u00a0\u00bbon|hover\u00a0\u00bb background_color__hover=\u00a0\u00bb\u00a0\u00bb background_enable_color__hover=\u00a0\u00bboff\u00a0\u00bb custom_css_blurb_image__hover_enabled=\u00a0\u00bbon|hover\u00a0\u00bb custom_css_blurb_title__hover_enabled=\u00a0\u00bbon|desktop\u00a0\u00bb custom_css_blurb_title_last_edited=\u00a0\u00bbon|tablet\u00a0\u00bb custom_css_blurb_title_tablet=\u00a0\u00bbmax-width:300px;||margin:auto;||margin-bottom:20px;\u00a0\u00bb custom_css_blurb_image__hover=\u00a0\u00bbmargin-bottom:10px;\u00a0\u00bb custom_css_blurb_title__hover=\u00a0\u00bbmax-width:340px;||margin:auto;\u00a0\u00bb custom_css_blurb_title_phone=\u00a0\u00bbmax-width:300px;||margin:auto;||margin-bottom:20px;\u00a0\u00bb title__hover=\u00a0\u00bbObjectiver les r\u00e9flexions et les \u00e9changes\u00a0\u00bb content__hover=\u00a0\u00bb<\/p>\n<p>Une grande partie du contenu sur la gestion sociale, la durabilit\u00e9 et le d\u00e9veloppement territorial reste au niveau th\u00e9orique ou empirique, perdant le lien n\u00e9cessaire entre eux. A l&rsquo;ICSI, nous impulsons les r\u00e9flexions et les \u00e9changes entre ces domaines et leurs disciplines de mani\u00e8re syst\u00e9matique, en identifiant de nouveaux sujets de recherche et en d\u00e9veloppant des outils qui permettent d&rsquo;articuler les probl\u00e8mes globaux avec les dynamiques territoriales.<\/p>\n<p>\u00ab\u00a0]<\/p>\n<p>Une grande partie du contenu sur la gestion sociale, la durabilit\u00e9 et le d\u00e9veloppement territorial reste au niveau th\u00e9orique ou empirique, perdant le lien n\u00e9cessaire entre eux. A l&rsquo;ICSI, nous impulsons les r\u00e9flexions et les \u00e9changes entre ces domaines et leurs disciplines de mani\u00e8re syst\u00e9matique, en identifiant de nouveaux sujets de recherche et en d\u00e9veloppant des outils qui permettent d&rsquo;articuler les probl\u00e8mes globaux avec les dynamiques territoriales.<\/p>\n<p>[\/et_pb_blurb][\/et_pb_column][et_pb_column type=\u00a0\u00bb1_2&Prime; module_class=\u00a0\u00bbblurb-reveal\u00a0\u00bb _builder_version=\u00a0\u00bb4.22.0&Prime; _module_preset=\u00a0\u00bbdefault\u00a0\u00bb background_color=\u00a0\u00bbrgba(208,226,229,0.27)\u00a0\u00bb animation_style=\u00a0\u00bbzoom\u00a0\u00bb animation_delay=\u00a0\u00bb500ms\u00a0\u00bb custom_css_main_element=\u00a0\u00bbdisplay: flex;||flex-direction: column;||justify-content: center;\u00a0\u00bb global_colors_info=\u00a0\u00bb{}\u00a0\u00bb background__hover_enabled=\u00a0\u00bbon|hover\u00a0\u00bb background_color__hover=\u00a0\u00bb#05838E\u00a0\u00bb background_enable_color__hover=\u00a0\u00bbon\u00a0\u00bb custom_css_main_element_last_edited=\u00a0\u00bbon|tablet\u00a0\u00bb custom_css_main_element_tablet=\u00a0\u00bbpointer-events:none;\u00a0\u00bb custom_css_main_element_phone=\u00a0\u00bbpointer-events:none;\u00a0\u00bb][et_pb_blurb title=\u00a0\u00bbConsolider les r\u00e9seaux de recherche-action au niveau local\u00a0\u00bb image=\u00a0\u00bbhttps:\/\/icsi.insuco.com\/wp-content\/uploads\/2023\/09\/reseau.png\u00a0\u00bb image_icon_width=\u00a0\u00bb80px\u00a0\u00bb _builder_version=\u00a0\u00bb4.22.1&Prime; _module_preset=\u00a0\u00bbdefault\u00a0\u00bb header_text_align=\u00a0\u00bbcenter\u00a0\u00bb header_text_color=\u00a0\u00bb#05838E\u00a0\u00bb header_font_size=\u00a0\u00bb19px\u00a0\u00bb body_text_align=\u00a0\u00bbcenter\u00a0\u00bb body_text_color=\u00a0\u00bb#FFFFFF\u00a0\u00bb image_icon_custom_padding=\u00a0\u00bb||9px||false|false\u00a0\u00bb custom_padding=\u00a0\u00bb20px|20px|20px|20px|false|false\u00a0\u00bb hover_transition_duration=\u00a0\u00bb500ms\u00a0\u00bb body_text_color_tablet=\u00a0\u00bb#616160&Prime; body_text_color_phone=\u00a0\u00bb#616160&Prime; body_text_color_last_edited=\u00a0\u00bbon|tablet\u00a0\u00bb body_font_size_tablet=\u00a0\u00bb14px\u00a0\u00bb body_font_size_phone=\u00a0\u00bb14px\u00a0\u00bb body_font_size_last_edited=\u00a0\u00bbon|tablet\u00a0\u00bb body_line_height_tablet=\u00a0\u00bb1.8em\u00a0\u00bb body_line_height_phone=\u00a0\u00bb1.8em\u00a0\u00bb body_line_height_last_edited=\u00a0\u00bbon|tablet\u00a0\u00bb custom_css_blurb_image=\u00a0\u00bbmargin-bottom:10px;\u00a0\u00bb custom_css_blurb_title=\u00a0\u00bbmax-width:350px;||margin:auto;\u00a0\u00bb global_colors_info=\u00a0\u00bb{}\u00a0\u00bb title__hover_enabled=\u00a0\u00bbon|hover\u00a0\u00bb content__hover_enabled=\u00a0\u00bbon|hover\u00a0\u00bb background__hover_enabled=\u00a0\u00bbon|hover\u00a0\u00bb background_color__hover=\u00a0\u00bb\u00a0\u00bb background_enable_color__hover=\u00a0\u00bboff\u00a0\u00bb custom_css_blurb_image__hover_enabled=\u00a0\u00bbon|hover\u00a0\u00bb custom_css_blurb_title__hover_enabled=\u00a0\u00bbon|desktop\u00a0\u00bb custom_css_blurb_title_last_edited=\u00a0\u00bbon|tablet\u00a0\u00bb custom_css_blurb_title_tablet=\u00a0\u00bbmax-width:300px;||margin:auto;||margin-bottom:20px;\u00a0\u00bb custom_css_blurb_image__hover=\u00a0\u00bbmargin-bottom:10px;\u00a0\u00bb custom_css_blurb_title__hover=\u00a0\u00bbmax-width:300px;||margin:auto;\u00a0\u00bb custom_css_blurb_title_phone=\u00a0\u00bbmax-width:300px;||margin:auto;||margin-bottom:20px;\u00a0\u00bb title__hover=\u00a0\u00bbConsolider les r\u00e9seaux de recherche-action au niveau local\u00a0\u00bb content__hover=\u00a0\u00bb<\/p>\n<p>Notre deuxi\u00e8me engagement est la cr\u00e9ation et la consolidation de r\u00e9seaux articul\u00e9s, inclusifs et diversifi\u00e9s entre la recherche et les initiatives locales. Nous pensons qu&rsquo;il est n\u00e9cessaire d&rsquo;\u00e9tablir des passerelles entre la th\u00e9orie et la pratique pour favoriser un d\u00e9veloppement durable dans les territoires.<\/p>\n<p>\u00ab\u00a0]<\/p>\n<p>Notre deuxi\u00e8me engagement est la cr\u00e9ation et la consolidation de r\u00e9seaux articul\u00e9s, inclusifs et diversifi\u00e9s entre la recherche et les initiatives locales. Nous pensons qu&rsquo;il est n\u00e9cessaire d&rsquo;\u00e9tablir des passerelles entre la th\u00e9orie et la pratique pour favoriser un d\u00e9veloppement durable dans les territoires.<\/p>\n<p>[\/et_pb_blurb][\/et_pb_column][\/et_pb_row][et_pb_row column_structure=\u00a0\u00bb1_2,1_2&Prime; use_custom_gutter=\u00a0\u00bbon\u00a0\u00bb gutter_width=\u00a0\u00bb2&Prime; make_equal=\u00a0\u00bbon\u00a0\u00bb _builder_version=\u00a0\u00bb4.22.0&Prime; _module_preset=\u00a0\u00bbdefault\u00a0\u00bb min_height=\u00a0\u00bb300px\u00a0\u00bb global_colors_info=\u00a0\u00bb{}\u00a0\u00bb][et_pb_column type=\u00a0\u00bb1_2&Prime; module_class=\u00a0\u00bbblurb-reveal\u00a0\u00bb _builder_version=\u00a0\u00bb4.22.0&Prime; _module_preset=\u00a0\u00bbdefault\u00a0\u00bb background_color=\u00a0\u00bbrgba(208,226,229,0.27)\u00a0\u00bb animation_style=\u00a0\u00bbslide\u00a0\u00bb animation_delay=\u00a0\u00bb750ms\u00a0\u00bb custom_css_main_element=\u00a0\u00bbdisplay: flex;||flex-direction: column;||justify-content: center;\u00a0\u00bb global_colors_info=\u00a0\u00bb{}\u00a0\u00bb background__hover_enabled=\u00a0\u00bbon|hover\u00a0\u00bb background_color__hover=\u00a0\u00bb#05838E\u00a0\u00bb background_enable_color__hover=\u00a0\u00bbon\u00a0\u00bb custom_css_main_element_last_edited=\u00a0\u00bbon|tablet\u00a0\u00bb custom_css_main_element_tablet=\u00a0\u00bbpointer-events:none;\u00a0\u00bb custom_css_main_element_phone=\u00a0\u00bbpointer-events:none;\u00a0\u00bb][et_pb_blurb title=\u00a0\u00bbRenforcer les capacit\u00e9s des acteurs\u00a0\u00bb image=\u00a0\u00bbhttps:\/\/icsi.insuco.com\/wp-content\/uploads\/2023\/09\/partage.png\u00a0\u00bb image_icon_width=\u00a0\u00bb80px\u00a0\u00bb _builder_version=\u00a0\u00bb4.22.1&Prime; _module_preset=\u00a0\u00bbdefault\u00a0\u00bb header_text_align=\u00a0\u00bbcenter\u00a0\u00bb header_text_color=\u00a0\u00bb#05838E\u00a0\u00bb header_font_size=\u00a0\u00bb19px\u00a0\u00bb body_text_align=\u00a0\u00bbcenter\u00a0\u00bb body_text_color=\u00a0\u00bb#FFFFFF\u00a0\u00bb custom_padding=\u00a0\u00bb20px|20px|20px|20px|false|false\u00a0\u00bb hover_transition_duration=\u00a0\u00bb500ms\u00a0\u00bb body_text_color_tablet=\u00a0\u00bb#616160&Prime; body_text_color_phone=\u00a0\u00bb#616160&Prime; body_text_color_last_edited=\u00a0\u00bbon|tablet\u00a0\u00bb body_font_size_tablet=\u00a0\u00bb14px\u00a0\u00bb body_font_size_phone=\u00a0\u00bb14px\u00a0\u00bb body_font_size_last_edited=\u00a0\u00bbon|tablet\u00a0\u00bb body_line_height_tablet=\u00a0\u00bb1.8em\u00a0\u00bb body_line_height_phone=\u00a0\u00bb1.8em\u00a0\u00bb body_line_height_last_edited=\u00a0\u00bbon|tablet\u00a0\u00bb custom_css_blurb_image=\u00a0\u00bbmargin-bottom:10px;\u00a0\u00bb custom_css_blurb_title=\u00a0\u00bbmax-width:300px;||margin:auto;\u00a0\u00bb global_colors_info=\u00a0\u00bb{}\u00a0\u00bb title__hover_enabled=\u00a0\u00bbon|hover\u00a0\u00bb content__hover_enabled=\u00a0\u00bbon|hover\u00a0\u00bb background__hover_enabled=\u00a0\u00bbon|hover\u00a0\u00bb background_color__hover=\u00a0\u00bb\u00a0\u00bb background_enable_color__hover=\u00a0\u00bboff\u00a0\u00bb custom_css_blurb_image__hover_enabled=\u00a0\u00bbon|hover\u00a0\u00bb custom_css_blurb_title__hover_enabled=\u00a0\u00bbon|desktop\u00a0\u00bb custom_css_blurb_title_last_edited=\u00a0\u00bbon|tablet\u00a0\u00bb custom_css_blurb_title_tablet=\u00a0\u00bbmax-width:300px;||margin:auto;||margin-bottom:20px;\u00a0\u00bb custom_css_blurb_image__hover=\u00a0\u00bbmargin-bottom:10px;\u00a0\u00bb custom_css_blurb_title__hover=\u00a0\u00bbmax-width:300px;||margin:auto;\u00a0\u00bb custom_css_blurb_title_phone=\u00a0\u00bbmax-width:300px;||margin:auto;||margin-bottom:20px;\u00a0\u00bb title__hover=\u00a0\u00bbRenforcer les capacit\u00e9s des acteurs\u00a0\u00bb content__hover=\u00a0\u00bb<\/p>\n<p>En tant que groupe Insuco, nous contribuons au d\u00e9veloppement d\u2019une expertise sociale dans le monde depuis plus de 10 ans. Notre parcours nous a montr\u00e9 que c\u2019est \u00e0 travers l\u2019exp\u00e9rience accumul\u00e9e au niveau local et sa mise en perspective dans une vision renouvel\u00e9e de la gestion des connaissances que nous pouvons le mieux partager des apprentissages collectifs. C&rsquo;est pourquoi nous d\u00e9veloppons et mettons en \u0153uvre des cycles de formation sur des sujets innovants in situ au sein de nos territoires d\u2019apprentissage.<\/p>\n<p>\u00ab\u00a0]<\/p>\n<p>En tant que groupe Insuco, nous contribuons au d\u00e9veloppement d\u2019une expertise sociale dans le monde depuis plus de 10 ans. Notre parcours nous a montr\u00e9 que c\u2019est \u00e0 travers l\u2019exp\u00e9rience accumul\u00e9e au niveau local et sa mise en perspective dans une vision renouvel\u00e9e de la gestion des connaissances que nous pouvons le mieux partager des apprentissages collectifs. C&rsquo;est pourquoi nous d\u00e9veloppons et mettons en \u0153uvre des cycles de formation sur des sujets innovants in situ au sein de nos territoires d\u2019apprentissage.<\/p>\n<p>[\/et_pb_blurb][\/et_pb_column][et_pb_column type=\u00a0\u00bb1_2&Prime; module_class=\u00a0\u00bbblurb-reveal\u00a0\u00bb _builder_version=\u00a0\u00bb4.22.0&Prime; _module_preset=\u00a0\u00bbdefault\u00a0\u00bb background_color=\u00a0\u00bbrgba(208,226,229,0.27)\u00a0\u00bb animation_style=\u00a0\u00bbslide\u00a0\u00bb animation_delay=\u00a0\u00bb875ms\u00a0\u00bb custom_css_main_element=\u00a0\u00bbdisplay: flex;||flex-direction: column;||justify-content: center;\u00a0\u00bb global_colors_info=\u00a0\u00bb{}\u00a0\u00bb background__hover_enabled=\u00a0\u00bbon|hover\u00a0\u00bb background_color__hover=\u00a0\u00bb#05838E\u00a0\u00bb background_enable_color__hover=\u00a0\u00bbon\u00a0\u00bb custom_css_main_element_last_edited=\u00a0\u00bbon|tablet\u00a0\u00bb custom_css_main_element_tablet=\u00a0\u00bbpointer-events:none;\u00a0\u00bb custom_css_main_element_phone=\u00a0\u00bbpointer-events:none;\u00a0\u00bb][et_pb_blurb title=\u00a0\u00bbMobiliser les acteurs du changement social\u00a0\u00bb image=\u00a0\u00bbhttps:\/\/icsi.insuco.com\/wp-content\/uploads\/2023\/09\/video.png\u00a0\u00bb image_icon_width=\u00a0\u00bb80px\u00a0\u00bb _builder_version=\u00a0\u00bb4.22.1&Prime; _module_preset=\u00a0\u00bbdefault\u00a0\u00bb header_text_align=\u00a0\u00bbcenter\u00a0\u00bb header_text_color=\u00a0\u00bb#05838E\u00a0\u00bb header_font_size=\u00a0\u00bb19px\u00a0\u00bb body_text_align=\u00a0\u00bbcenter\u00a0\u00bb body_text_color=\u00a0\u00bb#FFFFFF\u00a0\u00bb image_icon_custom_padding=\u00a0\u00bb||9px||false|false\u00a0\u00bb custom_padding=\u00a0\u00bb20px|20px|20px|20px|false|false\u00a0\u00bb hover_transition_duration=\u00a0\u00bb500ms\u00a0\u00bb body_text_color_tablet=\u00a0\u00bb#616160&Prime; body_text_color_phone=\u00a0\u00bb#616160&Prime; body_text_color_last_edited=\u00a0\u00bbon|tablet\u00a0\u00bb body_font_size_tablet=\u00a0\u00bb14px\u00a0\u00bb body_font_size_phone=\u00a0\u00bb14px\u00a0\u00bb body_font_size_last_edited=\u00a0\u00bbon|tablet\u00a0\u00bb body_line_height_tablet=\u00a0\u00bb1.8em\u00a0\u00bb body_line_height_phone=\u00a0\u00bb1.8em\u00a0\u00bb body_line_height_last_edited=\u00a0\u00bbon|tablet\u00a0\u00bb custom_css_blurb_image=\u00a0\u00bbmargin-bottom:0px;\u00a0\u00bb custom_css_blurb_title=\u00a0\u00bbmax-width:300px;||margin:auto;\u00a0\u00bb global_colors_info=\u00a0\u00bb{}\u00a0\u00bb title__hover_enabled=\u00a0\u00bbon|hover\u00a0\u00bb content__hover_enabled=\u00a0\u00bbon|hover\u00a0\u00bb background__hover_enabled=\u00a0\u00bbon|hover\u00a0\u00bb background_color__hover=\u00a0\u00bb\u00a0\u00bb background_enable_color__hover=\u00a0\u00bboff\u00a0\u00bb custom_css_blurb_image__hover_enabled=\u00a0\u00bbon|hover\u00a0\u00bb custom_css_blurb_title__hover_enabled=\u00a0\u00bbon|hover\u00a0\u00bb custom_css_blurb_title_last_edited=\u00a0\u00bbon|phone\u00a0\u00bb custom_css_blurb_title_phone=\u00a0\u00bbmax-width:300px;||margin:auto;||margin-bottom:20px;\u00a0\u00bb custom_css_blurb_image__hover=\u00a0\u00bbmargin-bottom:0px;\u00a0\u00bb custom_css_blurb_title__hover=\u00a0\u00bbmax-width:300px;||margin:auto;\u00a0\u00bb custom_css_blurb_title_tablet=\u00a0\u00bbmax-width:300px;||margin:auto;\u00a0\u00bb title__hover=\u00a0\u00bbMobiliser les acteurs du changement social\u00a0\u00bb content__hover=\u00a0\u00bb<\/p>\n<p>Nous allons plus loin dans la r\u00e9flexion et le renforcement des r\u00e9seaux. Nous g\u00e9n\u00e9rons et partageons des contenus sociaux utiles pour les citoyens et les d\u00e9cideurs, en les rendant inclusifs et accessibles pour forger et mobiliser des agents du changement et des leaders territoriaux dynamiques. Nous voulons g\u00e9n\u00e9rer des transformations en pla\u00e7ant l\u2019humain et toute sa complexit\u00e9 au centre de nos motivations.<\/p>\n<p>\u00ab\u00a0]<\/p>\n<p>Nous allons plus loin dans la r\u00e9flexion et le renforcement des r\u00e9seaux. Nous g\u00e9n\u00e9rons et partageons des contenus sociaux utiles pour les citoyens et les d\u00e9cideurs, en les rendant inclusifs et accessibles pour forger et mobiliser des agents du changement et des leaders territoriaux dynamiques. Nous voulons g\u00e9n\u00e9rer des transformations en pla\u00e7ant l\u2019humain et toute sa complexit\u00e9 au centre de nos motivations.<\/p>\n<p>[\/et_pb_blurb][\/et_pb_column][\/et_pb_row][\/et_pb_section][et_pb_section fb_built=\u00a0\u00bb1&Prime; prev_background_color=\u00a0\u00bb#ffffff\u00a0\u00bb module_id=\u00a0\u00bblignes-d-action\u00a0\u00bb _builder_version=\u00a0\u00bb4.22.0&Prime; _module_preset=\u00a0\u00bbdefault\u00a0\u00bb use_background_color_gradient=\u00a0\u00bbon\u00a0\u00bb background_color_gradient_direction=\u00a0\u00bb90deg\u00a0\u00bb background_color_gradient_stops=\u00a0\u00bb#05838e 0%|#f8ab36 40%|rgba(248,171,54,0.08) 74%\u00a0\u00bb background_color_gradient_overlays_image=\u00a0\u00bbon\u00a0\u00bb background_enable_pattern_style=\u00a0\u00bbon\u00a0\u00bb background_pattern_style=\u00a0\u00bbdiagonal-stripes-2&Prime; background_pattern_color=\u00a0\u00bb#FFFFFF\u00a0\u00bb background_pattern_transform=\u00a0\u00bbinvert\u00a0\u00bb background_pattern_blend_mode=\u00a0\u00bbscreen\u00a0\u00bb custom_margin=\u00a0\u00bb||||false|false\u00a0\u00bb custom_padding=\u00a0\u00bb129px||0px||false|false\u00a0\u00bb top_divider_style=\u00a0\u00bbasymmetric\u00a0\u00bb top_divider_height=\u00a0\u00bb60px\u00a0\u00bb top_divider_flip=\u00a0\u00bbhorizontal\u00a0\u00bb locked=\u00a0\u00bboff\u00a0\u00bb global_colors_info=\u00a0\u00bb{}\u00a0\u00bb][et_pb_row _builder_version=\u00a0\u00bb4.22.0&Prime; _module_preset=\u00a0\u00bbdefault\u00a0\u00bb custom_padding=\u00a0\u00bb0px||0px|||\u00a0\u00bb global_colors_info=\u00a0\u00bb{}\u00a0\u00bb][et_pb_column type=\u00a0\u00bb4_4&Prime; _builder_version=\u00a0\u00bb4.22.0&Prime; _module_preset=\u00a0\u00bbdefault\u00a0\u00bb global_colors_info=\u00a0\u00bb{}\u00a0\u00bb][et_pb_text module_id=\u00a0\u00bblineas-de-accion\u00a0\u00bb _builder_version=\u00a0\u00bb4.22.0&Prime; _module_preset=\u00a0\u00bbdefault\u00a0\u00bb header_2_font=\u00a0\u00bb|||on|||||\u00a0\u00bb header_2_text_color=\u00a0\u00bb#FFFFFF\u00a0\u00bb header_2_font_size=\u00a0\u00bb37px\u00a0\u00bb header_2_line_height=\u00a0\u00bb1.2em\u00a0\u00bb background_color=\u00a0\u00bb#05838E\u00a0\u00bb use_background_color_gradient=\u00a0\u00bbon\u00a0\u00bb background_color_gradient_direction=\u00a0\u00bb90deg\u00a0\u00bb background_color_gradient_stops=\u00a0\u00bb#05838e 0%|#f8ab36 100%\u00a0\u00bb custom_padding=\u00a0\u00bb2px|15px||15px|false|false\u00a0\u00bb header_2_font_size_tablet=\u00a0\u00bb31px\u00a0\u00bb header_2_font_size_phone=\u00a0\u00bb22px\u00a0\u00bb header_2_font_size_last_edited=\u00a0\u00bbon|phone\u00a0\u00bb custom_css_main_element=\u00a0\u00bbwidth:fit-content;\u00a0\u00bb global_colors_info=\u00a0\u00bb{}\u00a0\u00bb]<\/p>\n<h2>LIGNES D\u2019ACTION<\/h2>\n<p>[\/et_pb_text][\/et_pb_column][\/et_pb_row][\/et_pb_section][et_pb_section fb_built=\u00a0\u00bb1&Prime; module_id=\u00a0\u00bblignes-d-action\u00a0\u00bb _builder_version=\u00a0\u00bb4.22.0&Prime; locked=\u00a0\u00bboff\u00a0\u00bb global_colors_info=\u00a0\u00bb{}\u00a0\u00bb][et_pb_row use_custom_gutter=\u00a0\u00bbon\u00a0\u00bb gutter_width=\u00a0\u00bb1&Prime; make_equal=\u00a0\u00bbon\u00a0\u00bb _builder_version=\u00a0\u00bb4.22.0&Prime; background_size=\u00a0\u00bbinitial\u00a0\u00bb background_position=\u00a0\u00bbtop_left\u00a0\u00bb background_repeat=\u00a0\u00bbrepeat\u00a0\u00bb custom_padding=\u00a0\u00bb||||false|false\u00a0\u00bb animation_style=\u00a0\u00bbfade\u00a0\u00bb global_colors_info=\u00a0\u00bb{}\u00a0\u00bb][et_pb_column type=\u00a0\u00bb4_4&Prime; _builder_version=\u00a0\u00bb4.16&Prime; custom_padding=\u00a0\u00bb|||\u00a0\u00bb global_colors_info=\u00a0\u00bb{}\u00a0\u00bb custom_padding__hover=\u00a0\u00bb|||\u00a0\u00bb][et_pb_image src=\u00a0\u00bbhttps:\/\/icsi.insuco.com\/wp-content\/uploads\/2023\/09\/ENCUESTADORES.jpg\u00a0\u00bb _builder_version=\u00a0\u00bb4.22.0&Prime; _module_preset=\u00a0\u00bbdefault\u00a0\u00bb global_colors_info=\u00a0\u00bb{}\u00a0\u00bb][\/et_pb_image][\/et_pb_column][\/et_pb_row][et_pb_row column_structure=\u00a0\u00bb1_3,1_3,1_3&Prime; _builder_version=\u00a0\u00bb4.22.1&Prime; _module_preset=\u00a0\u00bbdefault\u00a0\u00bb global_colors_info=\u00a0\u00bb{}\u00a0\u00bb][et_pb_column type=\u00a0\u00bb1_3&Prime; _builder_version=\u00a0\u00bb4.22.1&Prime; _module_preset=\u00a0\u00bbdefault\u00a0\u00bb custom_padding_tablet=\u00a0\u00bb||20px||false|false\u00a0\u00bb custom_padding_phone=\u00a0\u00bb||20px||false|false\u00a0\u00bb custom_padding_last_edited=\u00a0\u00bbon|tablet\u00a0\u00bb animation_style=\u00a0\u00bbslide\u00a0\u00bb animation_direction=\u00a0\u00bbbottom\u00a0\u00bb global_colors_info=\u00a0\u00bb{}\u00a0\u00bb][et_pb_text _builder_version=\u00a0\u00bb4.22.0&Prime; _module_preset=\u00a0\u00bbdefault\u00a0\u00bb text_font=\u00a0\u00bbRubik|700|||||||\u00a0\u00bb text_text_color=\u00a0\u00bb#05838E\u00a0\u00bb text_font_size=\u00a0\u00bb41px\u00a0\u00bb header_3_font_size=\u00a0\u00bb23px\u00a0\u00bb global_colors_info=\u00a0\u00bb{}\u00a0\u00bb]<\/p>\n<p>1<\/p>\n<p>[\/et_pb_text][et_pb_text _builder_version=\u00a0\u00bb4.27.5&Prime; _module_preset=\u00a0\u00bbdefault\u00a0\u00bb text_font=\u00a0\u00bb||||||||\u00a0\u00bb link_font=\u00a0\u00bb||||on||||\u00a0\u00bb header_3_text_color=\u00a0\u00bb#05838E\u00a0\u00bb header_3_font_size=\u00a0\u00bb20px\u00a0\u00bb header_4_text_color=\u00a0\u00bb#05838E\u00a0\u00bb header_4_font_size=\u00a0\u00bb20px\u00a0\u00bb global_colors_info=\u00a0\u00bb{}\u00a0\u00bb]<\/p>\n<h3>Accompagner des transformations dans des territoires qui nous inspirent<\/h3>\n<p style=\"text-align: justify;\">Notre m\u00e9thodologie de formation et de leadership accompagne les organisations publiques et priv\u00e9es, \u00e0 la recherche de transformations profondes et disruptives, en les conduisant vers de nouvelles approches de durabilit\u00e9 et de d\u00e9veloppement territorial.<\/p>\n<p>[\/et_pb_text][\/et_pb_column][et_pb_column type=\u00a0\u00bb1_3&Prime; _builder_version=\u00a0\u00bb4.22.1&Prime; _module_preset=\u00a0\u00bbdefault\u00a0\u00bb custom_padding_tablet=\u00a0\u00bb||20px||false|false\u00a0\u00bb custom_padding_phone=\u00a0\u00bb||20px||false|false\u00a0\u00bb custom_padding_last_edited=\u00a0\u00bbon|tablet\u00a0\u00bb animation_style=\u00a0\u00bbslide\u00a0\u00bb animation_direction=\u00a0\u00bbbottom\u00a0\u00bb animation_delay=\u00a0\u00bb500ms\u00a0\u00bb global_colors_info=\u00a0\u00bb{}\u00a0\u00bb][et_pb_text _builder_version=\u00a0\u00bb4.22.0&Prime; _module_preset=\u00a0\u00bbdefault\u00a0\u00bb text_font=\u00a0\u00bbRubik|700|||||||\u00a0\u00bb text_text_color=\u00a0\u00bb#05838E\u00a0\u00bb text_font_size=\u00a0\u00bb41px\u00a0\u00bb header_3_font_size=\u00a0\u00bb23px\u00a0\u00bb global_colors_info=\u00a0\u00bb{}\u00a0\u00bb]<\/p>\n<p>2<\/p>\n<p>[\/et_pb_text][et_pb_text _builder_version=\u00a0\u00bb4.27.5&Prime; _module_preset=\u00a0\u00bbdefault\u00a0\u00bb text_font=\u00a0\u00bb||||||||\u00a0\u00bb header_3_text_color=\u00a0\u00bb#05838E\u00a0\u00bb header_3_font_size=\u00a0\u00bb20px\u00a0\u00bb header_4_text_color=\u00a0\u00bb#05838E\u00a0\u00bb header_4_font_size=\u00a0\u00bb20px\u00a0\u00bb global_colors_info=\u00a0\u00bb{}\u00a0\u00bb]<\/p>\n<h3>Tisser des r\u00e9seaux, construire le changement et l&rsquo;apprentissage.<\/h3>\n<p style=\"text-align: justify;\">Nous facilitons les \u00e9v\u00e9nements et les r\u00e9seaux participatifs avec diff\u00e9rents acteurs, en donnant la priorit\u00e9 \u00e0 la diffusion et \u00e0 l&rsquo;apprentissage collectif autour de probl\u00e9matiques globales qui transforment les r\u00e9alit\u00e9s territoriales.<\/p>\n<p>[\/et_pb_text][\/et_pb_column][et_pb_column type=\u00a0\u00bb1_3&Prime; _builder_version=\u00a0\u00bb4.22.0&Prime; _module_preset=\u00a0\u00bbdefault\u00a0\u00bb animation_style=\u00a0\u00bbslide\u00a0\u00bb animation_direction=\u00a0\u00bbbottom\u00a0\u00bb animation_delay=\u00a0\u00bb750ms\u00a0\u00bb global_colors_info=\u00a0\u00bb{}\u00a0\u00bb][et_pb_text _builder_version=\u00a0\u00bb4.22.0&Prime; _module_preset=\u00a0\u00bbdefault\u00a0\u00bb text_font=\u00a0\u00bbRubik|700|||||||\u00a0\u00bb text_text_color=\u00a0\u00bb#05838E\u00a0\u00bb text_font_size=\u00a0\u00bb41px\u00a0\u00bb header_3_font_size=\u00a0\u00bb23px\u00a0\u00bb global_colors_info=\u00a0\u00bb{}\u00a0\u00bb]<\/p>\n<p>3<\/p>\n<p>[\/et_pb_text][et_pb_text _builder_version=\u00a0\u00bb4.27.5&Prime; _module_preset=\u00a0\u00bbdefault\u00a0\u00bb text_font=\u00a0\u00bb||||||||\u00a0\u00bb link_font=\u00a0\u00bb||||on||||\u00a0\u00bb header_3_text_color=\u00a0\u00bb#05838E\u00a0\u00bb header_3_font_size=\u00a0\u00bb20px\u00a0\u00bb header_4_text_color=\u00a0\u00bb#05838E\u00a0\u00bb header_4_font_size=\u00a0\u00bb20px\u00a0\u00bb global_colors_info=\u00a0\u00bb{}\u00a0\u00bb]<\/p>\n<h3>Placer l&rsquo;impact social au centre de notre travail<\/h3>\n<p style=\"text-align: justify;\">Nous menons des recherches sur des sujets novateurs de la plus haute importance sociale, tels que la transition \u00e9nerg\u00e9tique juste, les impacts sociaux dans la course vers la neutralit\u00e9 carbone, la dimension sociale de l&rsquo;adaptation au changement climatique ainsi que les nouvelles fa\u00e7ons de penser la gouvernance et le d\u00e9veloppement territorial dans le contexte de projets \u00e0 fort impact. Nous produisons un contenu percutant afin de partager des id\u00e9es, des connaissances et des propositions d&rsquo;une mani\u00e8re diff\u00e9rente, accessible et opportune.<\/p>\n<p>[\/et_pb_text][\/et_pb_column][\/et_pb_row][\/et_pb_section][et_pb_section fb_built=\u00a0\u00bb1&Prime; prev_background_color=\u00a0\u00bb#ffffff\u00a0\u00bb module_id=\u00a0\u00bbarticulations-alliances\u00a0\u00bb _builder_version=\u00a0\u00bb4.22.0&Prime; _module_preset=\u00a0\u00bbdefault\u00a0\u00bb use_background_color_gradient=\u00a0\u00bbon\u00a0\u00bb background_color_gradient_direction=\u00a0\u00bb90deg\u00a0\u00bb background_color_gradient_stops=\u00a0\u00bb#05838e 0%|#f8ab36 40%|rgba(248,171,54,0.08) 74%\u00a0\u00bb background_color_gradient_overlays_image=\u00a0\u00bbon\u00a0\u00bb background_enable_pattern_style=\u00a0\u00bbon\u00a0\u00bb background_pattern_style=\u00a0\u00bbdiagonal-stripes-2&Prime; background_pattern_color=\u00a0\u00bb#FFFFFF\u00a0\u00bb background_pattern_transform=\u00a0\u00bbinvert\u00a0\u00bb background_pattern_blend_mode=\u00a0\u00bbscreen\u00a0\u00bb custom_margin=\u00a0\u00bb||||false|false\u00a0\u00bb custom_padding=\u00a0\u00bb129px||0px||false|false\u00a0\u00bb top_divider_style=\u00a0\u00bbasymmetric\u00a0\u00bb top_divider_height=\u00a0\u00bb60px\u00a0\u00bb top_divider_flip=\u00a0\u00bbhorizontal\u00a0\u00bb locked=\u00a0\u00bboff\u00a0\u00bb global_colors_info=\u00a0\u00bb{}\u00a0\u00bb][et_pb_row _builder_version=\u00a0\u00bb4.22.0&Prime; _module_preset=\u00a0\u00bbdefault\u00a0\u00bb custom_padding=\u00a0\u00bb0px||0px|||\u00a0\u00bb global_colors_info=\u00a0\u00bb{}\u00a0\u00bb][et_pb_column type=\u00a0\u00bb4_4&Prime; _builder_version=\u00a0\u00bb4.22.0&Prime; _module_preset=\u00a0\u00bbdefault\u00a0\u00bb global_colors_info=\u00a0\u00bb{}\u00a0\u00bb][et_pb_text _builder_version=\u00a0\u00bb4.22.0&Prime; _module_preset=\u00a0\u00bbdefault\u00a0\u00bb header_2_font=\u00a0\u00bb|||on|||||\u00a0\u00bb header_2_text_color=\u00a0\u00bb#FFFFFF\u00a0\u00bb header_2_font_size=\u00a0\u00bb37px\u00a0\u00bb header_2_line_height=\u00a0\u00bb1.2em\u00a0\u00bb background_color=\u00a0\u00bb#05838E\u00a0\u00bb use_background_color_gradient=\u00a0\u00bbon\u00a0\u00bb background_color_gradient_direction=\u00a0\u00bb90deg\u00a0\u00bb background_color_gradient_stops=\u00a0\u00bb#05838e 0%|#f8ab36 100%\u00a0\u00bb custom_padding=\u00a0\u00bb2px|15px||15px|false|false\u00a0\u00bb header_2_font_size_tablet=\u00a0\u00bb31px\u00a0\u00bb header_2_font_size_phone=\u00a0\u00bb22px\u00a0\u00bb header_2_font_size_last_edited=\u00a0\u00bbon|phone\u00a0\u00bb custom_css_main_element=\u00a0\u00bbwidth:fit-content;\u00a0\u00bb global_colors_info=\u00a0\u00bb{}\u00a0\u00bb]<\/p>\n<h2>Articulations et alliances<\/h2>\n<p>[\/et_pb_text][\/et_pb_column][\/et_pb_row][\/et_pb_section][et_pb_section fb_built=\u00a0\u00bb1&Prime; module_id=\u00a0\u00bblignes-d-action\u00a0\u00bb _builder_version=\u00a0\u00bb4.22.0&Prime; locked=\u00a0\u00bboff\u00a0\u00bb global_colors_info=\u00a0\u00bb{}\u00a0\u00bb][et_pb_row column_structure=\u00a0\u00bb2_5,3_5&Prime; make_equal=\u00a0\u00bbon\u00a0\u00bb _builder_version=\u00a0\u00bb4.22.0&Prime; _module_preset=\u00a0\u00bbdefault\u00a0\u00bb animation_style=\u00a0\u00bbslide\u00a0\u00bb animation_direction=\u00a0\u00bbleft\u00a0\u00bb global_colors_info=\u00a0\u00bb{}\u00a0\u00bb][et_pb_column type=\u00a0\u00bb2_5&Prime; _builder_version=\u00a0\u00bb4.22.0&Prime; _module_preset=\u00a0\u00bbdefault\u00a0\u00bb global_colors_info=\u00a0\u00bb{}\u00a0\u00bb][et_pb_image src=\u00a0\u00bbhttps:\/\/icsi.insuco.com\/wp-content\/uploads\/2023\/09\/zoom.jpg\u00a0\u00bb _builder_version=\u00a0\u00bb4.22.0&Prime; _module_preset=\u00a0\u00bbdefault\u00a0\u00bb global_colors_info=\u00a0\u00bb{}\u00a0\u00bb][\/et_pb_image][\/et_pb_column][et_pb_column type=\u00a0\u00bb3_5&Prime; _builder_version=\u00a0\u00bb4.22.0&Prime; _module_preset=\u00a0\u00bbdefault\u00a0\u00bb custom_css_main_element=\u00a0\u00bbmargin:auto;\u00a0\u00bb global_colors_info=\u00a0\u00bb{}\u00a0\u00bb][et_pb_text module_class=\u00a0\u00bbpa-heading-line-right\u00a0\u00bb _builder_version=\u00a0\u00bb4.22.1&Prime; text_font=\u00a0\u00bbOpen Sans||||||||\u00a0\u00bb text_line_height=\u00a0\u00bb1.8em\u00a0\u00bb link_font=\u00a0\u00bb||||on||||\u00a0\u00bb header_font=\u00a0\u00bbRubik||||||||\u00a0\u00bb header_2_font=\u00a0\u00bbRubik||||||||\u00a0\u00bb header_2_text_color=\u00a0\u00bb#05838E\u00a0\u00bb header_2_font_size=\u00a0\u00bb33px\u00a0\u00bb header_3_font=\u00a0\u00bbRubik||||||||\u00a0\u00bb header_3_text_color=\u00a0\u00bb#05838E\u00a0\u00bb header_3_font_size=\u00a0\u00bb28px\u00a0\u00bb background_size=\u00a0\u00bbinitial\u00a0\u00bb background_position=\u00a0\u00bbtop_left\u00a0\u00bb background_repeat=\u00a0\u00bbrepeat\u00a0\u00bb header_2_font_size_tablet=\u00a0\u00bb33px\u00a0\u00bb header_2_font_size_phone=\u00a0\u00bb24px\u00a0\u00bb header_2_font_size_last_edited=\u00a0\u00bbon|phone\u00a0\u00bb header_3_font_size_tablet=\u00a0\u00bb28px\u00a0\u00bb header_3_font_size_phone=\u00a0\u00bb24px\u00a0\u00bb header_3_font_size_last_edited=\u00a0\u00bbon|tablet\u00a0\u00bb global_colors_info=\u00a0\u00bb{}\u00a0\u00bb]<\/p>\n<h3>Innovation et recherche sociale<\/h3>\n<p>Nous collaborons avec l&rsquo;<a href=\"https:\/\/ifsra.org\/en\/\" target=\"_blank\" rel=\"noopener\">Institut de recherche sociale en Afrique<\/a> (IFSRA) d\u2019Insuco, en amplifiant sa port\u00e9e vers l&rsquo;Asie, l&rsquo;Am\u00e9rique latine et les Cara\u00efbes. Nous travaillons main dans la main depuis 2022 pour promouvoir la coop\u00e9ration Sud-Sud.<\/p>\n<p>En outre, l&rsquo;ICSI noue des alliances avec des universit\u00e9s, des Think Tank, des organisations de la soci\u00e9t\u00e9 civile du monde entier, ce qui lui permet de rester \u00e0 la pointe de l&rsquo;innovation et de la construction du savoir.<\/p>\n<p>[\/et_pb_text][\/et_pb_column][\/et_pb_row][et_pb_row column_structure=\u00a0\u00bb3_5,2_5&Prime; make_equal=\u00a0\u00bbon\u00a0\u00bb module_class=\u00a0\u00bbcustom_row\u00a0\u00bb _builder_version=\u00a0\u00bb4.22.1&Prime; _module_preset=\u00a0\u00bbdefault\u00a0\u00bb animation_style=\u00a0\u00bbslide\u00a0\u00bb animation_direction=\u00a0\u00bbleft\u00a0\u00bb global_colors_info=\u00a0\u00bb{}\u00a0\u00bb][et_pb_column type=\u00a0\u00bb3_5&Prime; module_class=\u00a0\u00bbsecond-on-mobile\u00a0\u00bb _builder_version=\u00a0\u00bb4.22.1&Prime; _module_preset=\u00a0\u00bbdefault\u00a0\u00bb custom_css_main_element=\u00a0\u00bbmargin:auto;\u00a0\u00bb global_colors_info=\u00a0\u00bb{}\u00a0\u00bb][et_pb_text module_class=\u00a0\u00bbpa-heading-line-right\u00a0\u00bb _builder_version=\u00a0\u00bb4.22.1&Prime; text_font=\u00a0\u00bbOpen Sans||||||||\u00a0\u00bb text_line_height=\u00a0\u00bb1.8em\u00a0\u00bb link_font=\u00a0\u00bb||||on||||\u00a0\u00bb header_font=\u00a0\u00bbRubik||||||||\u00a0\u00bb header_2_font=\u00a0\u00bbRubik||||||||\u00a0\u00bb header_2_text_color=\u00a0\u00bb#05838E\u00a0\u00bb header_2_font_size=\u00a0\u00bb33px\u00a0\u00bb header_3_font=\u00a0\u00bbRubik||||||||\u00a0\u00bb header_3_text_color=\u00a0\u00bb#05838E\u00a0\u00bb header_3_font_size=\u00a0\u00bb28px\u00a0\u00bb background_size=\u00a0\u00bbinitial\u00a0\u00bb background_position=\u00a0\u00bbtop_left\u00a0\u00bb background_repeat=\u00a0\u00bbrepeat\u00a0\u00bb header_2_font_size_tablet=\u00a0\u00bb33px\u00a0\u00bb header_2_font_size_phone=\u00a0\u00bb24px\u00a0\u00bb header_2_font_size_last_edited=\u00a0\u00bbon|phone\u00a0\u00bb header_3_font_size_tablet=\u00a0\u00bb28px\u00a0\u00bb header_3_font_size_phone=\u00a0\u00bb24px\u00a0\u00bb header_3_font_size_last_edited=\u00a0\u00bbon|tablet\u00a0\u00bb global_colors_info=\u00a0\u00bb{}\u00a0\u00bb]<\/p>\n<h3>Agendas globaux et transformations locales<\/h3>\n<p>Nous soutenons l&rsquo;articulation entre les objectifs prioritaires de l&rsquo;agenda global (changement climatique, transition \u00e9nerg\u00e9tique, min\u00e9raux critiques, etc.) et les dynamiques de d\u00e9veloppement territorial.<\/p>\n<p>Nos <a href=\"https:\/\/observatoriosinsuco.com\/\" target=\"_blank\" rel=\"noopener\">Observatoires des Transformations Territoriales<\/a> (OTT) sont un excellent exemple , car ils favorisent la transparence des donn\u00e9es, la planification territoriale \u00e0 long terme et la g\u00e9n\u00e9ration d&rsquo;alertes pr\u00e9coces sur des questions urgentes et pertinentes pour les acteurs du territoire.<\/p>\n<p>[\/et_pb_text][\/et_pb_column][et_pb_column type=\u00a0\u00bb2_5&Prime; module_class=\u00a0\u00bbfirst-on-mobile\u00a0\u00bb _builder_version=\u00a0\u00bb4.22.0&Prime; _module_preset=\u00a0\u00bbdefault\u00a0\u00bb custom_padding_tablet=\u00a0\u00bb||43px||false|false\u00a0\u00bb custom_padding_phone=\u00a0\u00bb||43px||false|false\u00a0\u00bb custom_padding_last_edited=\u00a0\u00bbon|tablet\u00a0\u00bb global_colors_info=\u00a0\u00bb{}\u00a0\u00bb][et_pb_image src=\u00a0\u00bbhttps:\/\/icsi.insuco.com\/wp-content\/uploads\/2023\/09\/dune-couleurs.jpg\u00a0\u00bb _builder_version=\u00a0\u00bb4.22.0&Prime; _module_preset=\u00a0\u00bbdefault\u00a0\u00bb global_colors_info=\u00a0\u00bb{}\u00a0\u00bb][\/et_pb_image][\/et_pb_column][\/et_pb_row][et_pb_row column_structure=\u00a0\u00bb1_3,2_3&Prime; make_equal=\u00a0\u00bbon\u00a0\u00bb _builder_version=\u00a0\u00bb4.22.1&Prime; _module_preset=\u00a0\u00bbdefault\u00a0\u00bb animation_style=\u00a0\u00bbslide\u00a0\u00bb animation_direction=\u00a0\u00bbleft\u00a0\u00bb global_colors_info=\u00a0\u00bb{}\u00a0\u00bb][et_pb_column type=\u00a0\u00bb1_3&Prime; _builder_version=\u00a0\u00bb4.22.0&Prime; _module_preset=\u00a0\u00bbdefault\u00a0\u00bb global_colors_info=\u00a0\u00bb{}\u00a0\u00bb][et_pb_image src=\u00a0\u00bbhttps:\/\/icsi.insuco.com\/wp-content\/uploads\/2023\/09\/Articulando-liderazgos-empresariales-y-territoriales.jpg\u00a0\u00bb _builder_version=\u00a0\u00bb4.22.1&Prime; _module_preset=\u00a0\u00bbdefault\u00a0\u00bb global_colors_info=\u00a0\u00bb{}\u00a0\u00bb][\/et_pb_image][\/et_pb_column][et_pb_column type=\u00a0\u00bb2_3&Prime; _builder_version=\u00a0\u00bb4.22.1&Prime; _module_preset=\u00a0\u00bbdefault\u00a0\u00bb custom_css_main_element=\u00a0\u00bbmargin:auto;\u00a0\u00bb global_colors_info=\u00a0\u00bb{}\u00a0\u00bb][et_pb_text module_class=\u00a0\u00bbpa-heading-line-right\u00a0\u00bb _builder_version=\u00a0\u00bb4.22.1&Prime; text_font=\u00a0\u00bbOpen Sans||||||||\u00a0\u00bb text_line_height=\u00a0\u00bb1.8em\u00a0\u00bb link_font=\u00a0\u00bb||||on||||\u00a0\u00bb header_font=\u00a0\u00bbRubik||||||||\u00a0\u00bb header_2_font=\u00a0\u00bbRubik||||||||\u00a0\u00bb header_2_text_color=\u00a0\u00bb#05838E\u00a0\u00bb header_2_font_size=\u00a0\u00bb33px\u00a0\u00bb header_3_font=\u00a0\u00bbRubik||||||||\u00a0\u00bb header_3_text_color=\u00a0\u00bb#05838E\u00a0\u00bb header_3_font_size=\u00a0\u00bb28px\u00a0\u00bb background_size=\u00a0\u00bbinitial\u00a0\u00bb background_position=\u00a0\u00bbtop_left\u00a0\u00bb background_repeat=\u00a0\u00bbrepeat\u00a0\u00bb header_2_font_size_tablet=\u00a0\u00bb33px\u00a0\u00bb header_2_font_size_phone=\u00a0\u00bb24px\u00a0\u00bb header_2_font_size_last_edited=\u00a0\u00bbon|phone\u00a0\u00bb header_3_font_size_tablet=\u00a0\u00bb28px\u00a0\u00bb header_3_font_size_phone=\u00a0\u00bb24px\u00a0\u00bb header_3_font_size_last_edited=\u00a0\u00bbon|tablet\u00a0\u00bb global_colors_info=\u00a0\u00bb{}\u00a0\u00bb]<\/p>\n<h3>Leadership entrepreneurial et territorial<\/h3>\n<p>\u00c0 l&rsquo;ICSI, nous avons cr\u00e9\u00e9 un r\u00e9seau d&rsquo;apprentissage sur la durabilit\u00e9 et le d\u00e9veloppement territorial pour le secteur minier. Ce r\u00e9seau, actif depuis 2019, est n\u00e9 d&rsquo;une mission d&rsquo;apprentissage r\u00e9alis\u00e9e avec le soutien de la Fondation Ford dans le territoire de \u00ab\u00a0Los Encuentros\u00a0\u00bb en \u00c9quateur.<\/p>\n<p>Le r\u00e9seau est compos\u00e9 de d\u00e9cideurs du secteur priv\u00e9, et de la coop\u00e9ration internationale et de repr\u00e9sentants de la soci\u00e9t\u00e9 civile ; qui se r\u00e9unissent pour r\u00e9fl\u00e9chir et partager les le\u00e7ons apprises sur l&rsquo;application d&rsquo;approches ou de m\u00e9thodologies dans les territoires sur lesquels ils sont pr\u00e9sents.<\/p>\n<p>[\/et_pb_text][\/et_pb_column][\/et_pb_row][\/et_pb_section][et_pb_section fb_built=\u00a0\u00bb1&Prime; prev_background_color=\u00a0\u00bb#ffffff\u00a0\u00bb module_id=\u00a0\u00bbequipe\u00a0\u00bb _builder_version=\u00a0\u00bb4.22.0&Prime; _module_preset=\u00a0\u00bbdefault\u00a0\u00bb use_background_color_gradient=\u00a0\u00bbon\u00a0\u00bb background_color_gradient_direction=\u00a0\u00bb90deg\u00a0\u00bb background_color_gradient_stops=\u00a0\u00bb#05838e 0%|#f8ab36 40%|rgba(248,171,54,0.08) 74%\u00a0\u00bb background_color_gradient_overlays_image=\u00a0\u00bbon\u00a0\u00bb background_enable_pattern_style=\u00a0\u00bbon\u00a0\u00bb background_pattern_style=\u00a0\u00bbdiagonal-stripes-2&Prime; background_pattern_color=\u00a0\u00bb#FFFFFF\u00a0\u00bb background_pattern_transform=\u00a0\u00bbinvert\u00a0\u00bb background_pattern_blend_mode=\u00a0\u00bbscreen\u00a0\u00bb custom_margin=\u00a0\u00bb||||false|false\u00a0\u00bb custom_padding=\u00a0\u00bb129px||0px||false|false\u00a0\u00bb top_divider_style=\u00a0\u00bbasymmetric\u00a0\u00bb top_divider_height=\u00a0\u00bb60px\u00a0\u00bb top_divider_flip=\u00a0\u00bbhorizontal\u00a0\u00bb locked=\u00a0\u00bboff\u00a0\u00bb global_colors_info=\u00a0\u00bb{}\u00a0\u00bb][et_pb_row _builder_version=\u00a0\u00bb4.22.0&Prime; _module_preset=\u00a0\u00bbdefault\u00a0\u00bb custom_padding=\u00a0\u00bb0px||0px|||\u00a0\u00bb global_colors_info=\u00a0\u00bb{}\u00a0\u00bb][et_pb_column type=\u00a0\u00bb4_4&Prime; _builder_version=\u00a0\u00bb4.22.0&Prime; _module_preset=\u00a0\u00bbdefault\u00a0\u00bb global_colors_info=\u00a0\u00bb{}\u00a0\u00bb][et_pb_text _builder_version=\u00a0\u00bb4.27.5&Prime; _module_preset=\u00a0\u00bbdefault\u00a0\u00bb header_2_font=\u00a0\u00bb|||on|||||\u00a0\u00bb header_2_text_color=\u00a0\u00bb#FFFFFF\u00a0\u00bb header_2_font_size=\u00a0\u00bb37px\u00a0\u00bb header_2_line_height=\u00a0\u00bb1.2em\u00a0\u00bb background_color=\u00a0\u00bb#05838E\u00a0\u00bb use_background_color_gradient=\u00a0\u00bbon\u00a0\u00bb background_color_gradient_direction=\u00a0\u00bb90deg\u00a0\u00bb background_color_gradient_stops=\u00a0\u00bb#05838e 0%|#f8ab36 100%\u00a0\u00bb custom_padding=\u00a0\u00bb2px|15px||15px|false|false\u00a0\u00bb header_2_font_size_tablet=\u00a0\u00bb31px\u00a0\u00bb header_2_font_size_phone=\u00a0\u00bb22px\u00a0\u00bb header_2_font_size_last_edited=\u00a0\u00bbon|phone\u00a0\u00bb custom_css_main_element=\u00a0\u00bbwidth:fit-content;\u00a0\u00bb global_colors_info=\u00a0\u00bb{}\u00a0\u00bb]<\/p>\n<h2>Conseil d&rsquo;administration<\/h2>\n<p>[\/et_pb_text][\/et_pb_column][\/et_pb_row][\/et_pb_section][et_pb_section fb_built=\u00a0\u00bb1&Prime; module_id=\u00a0\u00bblignes-d-action\u00a0\u00bb _builder_version=\u00a0\u00bb4.22.0&Prime; width=\u00a0\u00bb100%\u00a0\u00bb locked=\u00a0\u00bboff\u00a0\u00bb global_colors_info=\u00a0\u00bb{}\u00a0\u00bb][et_pb_row column_structure=\u00a0\u00bb1_3,1_3,1_3&Prime; _builder_version=\u00a0\u00bb4.27.5&Prime; _module_preset=\u00a0\u00bbdefault\u00a0\u00bb global_colors_info=\u00a0\u00bb{}\u00a0\u00bb][et_pb_column type=\u00a0\u00bb1_3&Prime; _builder_version=\u00a0\u00bb4.22.1&Prime; _module_preset=\u00a0\u00bbdefault\u00a0\u00bb custom_padding_tablet=\u00a0\u00bb||30px||false|false\u00a0\u00bb custom_padding_phone=\u00a0\u00bb||30px||false|false\u00a0\u00bb custom_padding_last_edited=\u00a0\u00bbon|phone\u00a0\u00bb animation_style=\u00a0\u00bbfade\u00a0\u00bb global_colors_info=\u00a0\u00bb{}\u00a0\u00bb][et_pb_image src=\u00a0\u00bbhttps:\/\/icsi.insuco.com\/wp-content\/uploads\/2023\/10\/Guillen2.jpg\u00a0\u00bb alt=\u00a0\u00bbGuill\u00e9n Calvo\u00a0\u00bb title_text=\u00a0\u00bbcropped-favicon.png\u00a0\u00bb _builder_version=\u00a0\u00bb4.27.5&Prime; _module_preset=\u00a0\u00bbdefault\u00a0\u00bb use_background_color_gradient=\u00a0\u00bbon\u00a0\u00bb background_color_gradient_direction=\u00a0\u00bb90deg\u00a0\u00bb background_color_gradient_stops=\u00a0\u00bb#ffffff 73%|#05838e 73%\u00a0\u00bb background_color_gradient_overlays_image=\u00a0\u00bbon\u00a0\u00bb global_colors_info=\u00a0\u00bb{}\u00a0\u00bb][\/et_pb_image][et_pb_text _builder_version=\u00a0\u00bb4.27.5&Prime; _module_preset=\u00a0\u00bbdefault\u00a0\u00bb text_font=\u00a0\u00bb||||||||\u00a0\u00bb header_3_text_color=\u00a0\u00bb#05838E\u00a0\u00bb header_3_font_size=\u00a0\u00bb20px\u00a0\u00bb header_4_text_color=\u00a0\u00bb#05838E\u00a0\u00bb header_4_font_size=\u00a0\u00bb20px\u00a0\u00bb hover_enabled=\u00a0\u00bb0&Prime; global_colors_info=\u00a0\u00bb{}\u00a0\u00bb sticky_enabled=\u00a0\u00bb0&Prime;]<\/p>\n<h3>Guill\u00e9n Calvo Valderrama<\/h3>\n<h5>Membre du conseil d&rsquo;administration et Pr\u00e9sident Ex\u00e9cutif de l&rsquo;ICSI<\/h5>\n<p style=\"text-align: justify;\">Directeur g\u00e9n\u00e9ral pour l&rsquo;Am\u00e9rique latine et les Cara\u00efbes chez Insuco, agro\u00e9conomiste et g\u00e9ographe dipl\u00f4m\u00e9 de l&rsquo;universit\u00e9 de la Sorbonne \u00e0 Paris.<\/p>\n<p style=\"text-align: justify;\">Guill\u00e9n a travaill\u00e9 pour des organisations internationales (UNESCO, Bioversity International, Banque mondiale) dans le cadre de projets de coop\u00e9ration et de gestion de plateformes intergouvernementales, faisant le lien entre la recherche scientifique et la prise de d\u00e9cisions politiques.<\/p>\n<p style=\"text-align: justify;\">Guill\u00e9n est expert en durabilit\u00e9 et en approche territoriale de la responsabilit\u00e9 sociale des entreprises. Au cours des 20 derni\u00e8res ann\u00e9es, il a concentr\u00e9 son travail en Am\u00e9rique latine et en Afrique, en se concentrant sur la d\u00e9finition de mod\u00e8les innovants de gouvernance et d&rsquo;action collective entre les entreprises priv\u00e9es, les communaut\u00e9s et l&rsquo;\u00c9tat dans divers projets dans plus de 20 pays.<\/p>\n<p style=\"text-align: justify;\">Il enseigne \u00e9galement dans plusieurs universit\u00e9s d&rsquo;Am\u00e9rique latine et intervient r\u00e9guli\u00e8rement dans des forums internationaux. Il a publi\u00e9 plusieurs articles sur les th\u00e8mes de la transformation des conflits, du dialogue multipartite et de la responsabilit\u00e9 territoriale des entreprises.<\/p>\n<p>[\/et_pb_text][\/et_pb_column][et_pb_column type=\u00a0\u00bb1_3&Prime; _builder_version=\u00a0\u00bb4.22.0&Prime; _module_preset=\u00a0\u00bbdefault\u00a0\u00bb animation_style=\u00a0\u00bbfade\u00a0\u00bb animation_delay=\u00a0\u00bb500ms\u00a0\u00bb global_colors_info=\u00a0\u00bb{}\u00a0\u00bb][et_pb_image src=\u00a0\u00bbhttps:\/\/icsi.insuco.com\/wp-content\/uploads\/2023\/10\/Diana2.jpg\u00a0\u00bb alt=\u00a0\u00bbDiana\u00a0\u00bb title_text=\u00a0\u00bbcropped-favicon.png\u00a0\u00bb _builder_version=\u00a0\u00bb4.22.1&Prime; _module_preset=\u00a0\u00bbdefault\u00a0\u00bb use_background_color_gradient=\u00a0\u00bbon\u00a0\u00bb background_color_gradient_direction=\u00a0\u00bb90deg\u00a0\u00bb background_color_gradient_stops=\u00a0\u00bb#ffffff 73%|#05838e 73%\u00a0\u00bb background_color_gradient_overlays_image=\u00a0\u00bbon\u00a0\u00bb global_colors_info=\u00a0\u00bb{}\u00a0\u00bb][\/et_pb_image][et_pb_text _builder_version=\u00a0\u00bb4.27.5&Prime; _module_preset=\u00a0\u00bbdefault\u00a0\u00bb text_font=\u00a0\u00bb||||||||\u00a0\u00bb header_3_text_color=\u00a0\u00bb#05838E\u00a0\u00bb header_3_font_size=\u00a0\u00bb20px\u00a0\u00bb header_4_text_color=\u00a0\u00bb#05838E\u00a0\u00bb header_4_font_size=\u00a0\u00bb20px\u00a0\u00bb custom_padding=\u00a0\u00bb0px|||||\u00a0\u00bb global_colors_info=\u00a0\u00bb{}\u00a0\u00bb]<\/p>\n<h3>Diana M\u00e9ndez del Aguila<\/h3>\n<h5>Membre du conseil d&rsquo;administration<\/h5>\n<p style=\"text-align: justify;\">Directrice ex\u00e9cutive pour l&rsquo;Am\u00e9rique latine et les Cara\u00efbes chez Insuco. \u00c9conomiste dipl\u00f4m\u00e9e de l&rsquo;Universit\u00e9 du Pacifique (P\u00e9rou) et titulaire d&rsquo;un MBA de l&rsquo;Universit\u00e9 de Manchester (Royaume-Uni). Elle est sp\u00e9cialis\u00e9e en \u00e9conomie comportementale. Diana est membre de la Fort\u00e9 Foundation, une organisation internationale qui \u0153uvre pour la promotion de la participation des femmes dans le monde des affaires.<\/p>\n<p style=\"text-align: justify;\">Elle a 20 ans d&rsquo;exp\u00e9rience dans la direction et la promotion d&rsquo;initiatives de d\u00e9veloppement durable et territorial en Am\u00e9rique latine, en particulier dans des secteurs strat\u00e9giques tels que les infrastructures, la p\u00eache, les transports, l&rsquo;exploitation mini\u00e8re, l&rsquo;\u00e9nergie et les t\u00e9l\u00e9communications, tant pour des organisations publiques et priv\u00e9es que pour des communaut\u00e9s et des agences internationales.<\/p>\n<p style=\"text-align: justify;\">Tout au long de sa carri\u00e8re, Diana a encourag\u00e9 l&rsquo;int\u00e9gration d&rsquo;une vision du d\u00e9veloppement durable dans la prise de d\u00e9cision des entreprises, le renforcement de la gouvernance locale, la citoyennet\u00e9 active et la mise en \u0153uvre d&rsquo;un mod\u00e8le relationnel bas\u00e9 sur le dialogue multipartite, l&rsquo;instauration de la confiance et l&rsquo;action collective. Elle a d\u00e9velopp\u00e9 sa carri\u00e8re dans le domaine du conseil strat\u00e9gique et des organisations de la soci\u00e9t\u00e9 civile. Elle est membre et ancienne directrice ex\u00e9cutive de L+1, un r\u00e9seau de leaders du d\u00e9veloppement durable au P\u00e9rou.<\/p>\n<p>[\/et_pb_text][\/et_pb_column][et_pb_column type=\u00a0\u00bb1_3&Prime; _builder_version=\u00a0\u00bb4.22.0&Prime; _module_preset=\u00a0\u00bbdefault\u00a0\u00bb animation_style=\u00a0\u00bbfade\u00a0\u00bb animation_delay=\u00a0\u00bb500ms\u00a0\u00bb global_colors_info=\u00a0\u00bb{}\u00a0\u00bb][et_pb_image src=\u00a0\u00bbhttps:\/\/icsi.insuco.com\/wp-content\/uploads\/2026\/01\/Arianna-foto.png\u00a0\u00bb alt=\u00a0\u00bbDiana\u00a0\u00bb title_text=\u00a0\u00bbArianna foto\u00a0\u00bb _builder_version=\u00a0\u00bb4.27.5&Prime; _module_preset=\u00a0\u00bbdefault\u00a0\u00bb use_background_color_gradient=\u00a0\u00bbon\u00a0\u00bb background_color_gradient_direction=\u00a0\u00bb90deg\u00a0\u00bb background_color_gradient_stops=\u00a0\u00bb#ffffff 73%|#05838e 73%\u00a0\u00bb background_color_gradient_overlays_image=\u00a0\u00bbon\u00a0\u00bb global_colors_info=\u00a0\u00bb{}\u00a0\u00bb][\/et_pb_image][et_pb_text _builder_version=\u00a0\u00bb4.27.5&Prime; _module_preset=\u00a0\u00bbdefault\u00a0\u00bb text_font=\u00a0\u00bb||||||||\u00a0\u00bb header_3_text_color=\u00a0\u00bb#05838E\u00a0\u00bb header_3_font_size=\u00a0\u00bb20px\u00a0\u00bb header_4_text_color=\u00a0\u00bb#05838E\u00a0\u00bb header_4_font_size=\u00a0\u00bb20px\u00a0\u00bb custom_padding=\u00a0\u00bb0px|||||\u00a0\u00bb global_colors_info=\u00a0\u00bb{}\u00a0\u00bb]<\/p>\n<h3>Arianna Espinosa Oliver<\/h3>\n<h5>Membre du conseil d&rsquo;administration<\/h5>\n<p style=\"text-align: justify;\">Arianna est directrice r\u00e9gionale pour la Colombie, le Mexique et l&rsquo;Am\u00e9rique centrale chez Insuco. Elle a plus de 15 ans d&rsquo;exp\u00e9rience dans la gestion de portefeuilles publics et priv\u00e9s dans les domaines de la gouvernance, de la participation civique et de la durabilit\u00e9 environnementale. Auparavant, elle a \u00e9t\u00e9 responsable des dons dans la r\u00e9gion andine et consultante internationale sur les questions de transition \u00e9nerg\u00e9tique juste pour la Fondation Ford. Elle est \u00e9galement r\u00e9guli\u00e8rement invit\u00e9e \u00e0 donner des cours \u00e0 l&rsquo;universit\u00e9.<\/p>\n<p style=\"text-align: justify;\">Au Congr\u00e8s colombien, elle a dirig\u00e9 le dialogue sur les politiques fonci\u00e8res et l&rsquo;affectation du budget national. Elle a \u00e9t\u00e9 chef de la coop\u00e9ration internationale au Bureau national d&rsquo;enregistrement et directrice adjointe de la Fondation Colombie 2050. Elle a travaill\u00e9 pour le Fonds d&rsquo;adaptation sur les questions de r\u00e9installation et pour le Fonds national de gestion des risques de catastrophes. Au sein de l&rsquo;iMMAP, elle a men\u00e9 des recherches sur la victimisation collective.<\/p>\n<p style=\"text-align: justify;\">Arianna est titulaire d&rsquo;un master en politique sociale et d\u00e9veloppement de la London School of Economics and Political Sciences (LSE). Elle a re\u00e7u la bourse Chevening et le prix Loch Exhibition pour sa th\u00e8se sur le changement climatique et la citoyennet\u00e9. Elle est titulaire d&rsquo;un dipl\u00f4me de premier cycle en gouvernement et relations internationales de l&rsquo;Universit\u00e9 Externado de Colombie et a obtenu une bourse pour compl\u00e9ter ses \u00e9tudes \u00e0 l&rsquo;Institut d&rsquo;\u00e9tudes politiques de Paris, en France. Elle a re\u00e7u le prix Geneva Challenge et est boursi\u00e8re de l&rsquo;Institut pour la citoyennet\u00e9 canadienne.<\/p>\n<p>[\/et_pb_text][\/et_pb_column][\/et_pb_row][\/et_pb_section][et_pb_section fb_built=\u00a0\u00bb1&Prime; prev_background_color=\u00a0\u00bb#ffffff\u00a0\u00bb module_id=\u00a0\u00bbequipe-executive\u00a0\u00bb _builder_version=\u00a0\u00bb4.27.5&Prime; _module_preset=\u00a0\u00bbdefault\u00a0\u00bb use_background_color_gradient=\u00a0\u00bbon\u00a0\u00bb background_color_gradient_direction=\u00a0\u00bb90deg\u00a0\u00bb background_color_gradient_stops=\u00a0\u00bb#05838e 0%|#f8ab36 40%|rgba(248,171,54,0.08) 74%\u00a0\u00bb background_color_gradient_overlays_image=\u00a0\u00bbon\u00a0\u00bb background_enable_pattern_style=\u00a0\u00bbon\u00a0\u00bb background_pattern_style=\u00a0\u00bbdiagonal-stripes-2&Prime; background_pattern_color=\u00a0\u00bb#FFFFFF\u00a0\u00bb background_pattern_transform=\u00a0\u00bbinvert\u00a0\u00bb background_pattern_blend_mode=\u00a0\u00bbscreen\u00a0\u00bb custom_margin=\u00a0\u00bb||||false|false\u00a0\u00bb custom_padding=\u00a0\u00bb129px||0px||false|false\u00a0\u00bb top_divider_style=\u00a0\u00bbasymmetric\u00a0\u00bb top_divider_height=\u00a0\u00bb60px\u00a0\u00bb top_divider_flip=\u00a0\u00bbhorizontal\u00a0\u00bb locked=\u00a0\u00bboff\u00a0\u00bb global_colors_info=\u00a0\u00bb{}\u00a0\u00bb][et_pb_row _builder_version=\u00a0\u00bb4.22.0&Prime; _module_preset=\u00a0\u00bbdefault\u00a0\u00bb custom_padding=\u00a0\u00bb0px||0px|||\u00a0\u00bb global_colors_info=\u00a0\u00bb{}\u00a0\u00bb][et_pb_column type=\u00a0\u00bb4_4&Prime; _builder_version=\u00a0\u00bb4.22.0&Prime; _module_preset=\u00a0\u00bbdefault\u00a0\u00bb global_colors_info=\u00a0\u00bb{}\u00a0\u00bb][et_pb_text _builder_version=\u00a0\u00bb4.27.5&Prime; _module_preset=\u00a0\u00bbdefault\u00a0\u00bb header_2_font=\u00a0\u00bb|||on|||||\u00a0\u00bb header_2_text_color=\u00a0\u00bb#FFFFFF\u00a0\u00bb header_2_font_size=\u00a0\u00bb37px\u00a0\u00bb header_2_line_height=\u00a0\u00bb1.2em\u00a0\u00bb background_color=\u00a0\u00bb#05838E\u00a0\u00bb use_background_color_gradient=\u00a0\u00bbon\u00a0\u00bb background_color_gradient_direction=\u00a0\u00bb90deg\u00a0\u00bb background_color_gradient_stops=\u00a0\u00bb#05838e 0%|#f8ab36 100%\u00a0\u00bb custom_padding=\u00a0\u00bb2px|15px||15px|false|false\u00a0\u00bb header_2_font_size_tablet=\u00a0\u00bb31px\u00a0\u00bb header_2_font_size_phone=\u00a0\u00bb22px\u00a0\u00bb header_2_font_size_last_edited=\u00a0\u00bbon|phone\u00a0\u00bb custom_css_main_element=\u00a0\u00bbwidth:fit-content;\u00a0\u00bb global_colors_info=\u00a0\u00bb{}\u00a0\u00bb]<\/p>\n<h2>\u00c9quipe ex\u00e9cutive<\/h2>\n<p>[\/et_pb_text][\/et_pb_column][\/et_pb_row][\/et_pb_section][et_pb_section fb_built=\u00a0\u00bb1&Prime; module_id=\u00a0\u00bblignes-d-action\u00a0\u00bb _builder_version=\u00a0\u00bb4.22.0&Prime; width=\u00a0\u00bb100%\u00a0\u00bb locked=\u00a0\u00bboff\u00a0\u00bb global_colors_info=\u00a0\u00bb{}\u00a0\u00bb][et_pb_row column_structure=\u00a0\u00bb1_2,1_2&Prime; _builder_version=\u00a0\u00bb4.22.1&Prime; _module_preset=\u00a0\u00bbdefault\u00a0\u00bb global_colors_info=\u00a0\u00bb{}\u00a0\u00bb][et_pb_column type=\u00a0\u00bb1_2&Prime; _builder_version=\u00a0\u00bb4.22.1&Prime; _module_preset=\u00a0\u00bbdefault\u00a0\u00bb custom_padding_tablet=\u00a0\u00bb||30px||false|false\u00a0\u00bb custom_padding_phone=\u00a0\u00bb||30px||false|false\u00a0\u00bb custom_padding_last_edited=\u00a0\u00bbon|phone\u00a0\u00bb animation_style=\u00a0\u00bbfade\u00a0\u00bb global_colors_info=\u00a0\u00bb{}\u00a0\u00bb][et_pb_image src=\u00a0\u00bbhttps:\/\/icsi.insuco.com\/wp-content\/uploads\/2026\/01\/Diseno-sin-titulo-17.png\u00a0\u00bb alt=\u00a0\u00bbGuill\u00e9n Calvo\u00a0\u00bb title_text=\u00a0\u00bbDise\u00f1o sin t\u00edtulo (17)\u00a0\u00bb _builder_version=\u00a0\u00bb4.27.5&Prime; _module_preset=\u00a0\u00bbdefault\u00a0\u00bb use_background_color_gradient=\u00a0\u00bbon\u00a0\u00bb background_color_gradient_direction=\u00a0\u00bb90deg\u00a0\u00bb background_color_gradient_stops=\u00a0\u00bb#ffffff 73%|#05838e 73%\u00a0\u00bb background_color_gradient_overlays_image=\u00a0\u00bbon\u00a0\u00bb global_colors_info=\u00a0\u00bb{}\u00a0\u00bb][\/et_pb_image][et_pb_text _builder_version=\u00a0\u00bb4.27.5&Prime; _module_preset=\u00a0\u00bbdefault\u00a0\u00bb text_font=\u00a0\u00bb||||||||\u00a0\u00bb header_3_text_color=\u00a0\u00bb#05838E\u00a0\u00bb header_3_font_size=\u00a0\u00bb20px\u00a0\u00bb header_4_text_color=\u00a0\u00bb#05838E\u00a0\u00bb header_4_font_size=\u00a0\u00bb20px\u00a0\u00bb global_colors_info=\u00a0\u00bb{}\u00a0\u00bb]<\/p>\n<h3>Jeanette Moreno<\/h3>\n<h6>Directrice des partenariats strat\u00e9giques et de la gestion des connaissances<\/h6>\n<p style=\"text-align: justify;\">Sociologue sp\u00e9cialis\u00e9e dans la gestion du patrimoine bioculturel et l&rsquo;analyse de l&rsquo;impact social dans des secteurs cl\u00e9s pour le d\u00e9veloppement durable. Forte de plus de 12 ans d&rsquo;exp\u00e9rience, elle a con\u00e7u, mis en \u0153uvre et \u00e9valu\u00e9 des projets en Am\u00e9rique latine et dans les Cara\u00efbes dans des secteurs strat\u00e9giques tels que l&rsquo;\u00e9nergie, les infrastructures, l&rsquo;eau et l&rsquo;assainissement, le tourisme, l&rsquo;agriculture familiale et la culture, toujours dans une perspective de d\u00e9veloppement territorial.<\/p>\n<p style=\"text-align: justify;\">Elle occupe actuellement le poste de directrice des partenariats strat\u00e9giques et de la gestion des connaissances au Centre Insuco pour l&rsquo;innovation sociale (ICSI). \u00c0 ce titre, elle dirige la coordination institutionnelle et la production de connaissances afin d&rsquo;anticiper et d&rsquo;accompagner les grandes transitions mondiales dans une perspective territoriale.<\/p>\n<p style=\"text-align: justify;\">Son parcours comprend des fonctions au sein d&rsquo;organisations internationales telles que l&rsquo;UNESCO et la FAO, dans le secteur public au sein des minist\u00e8res de l&rsquo;\u00c9ducation et de la Culture du P\u00e9rou, ainsi que dans le secteur priv\u00e9 via Insuco R\u00e9publique dominicaine. Cette exp\u00e9rience multidimensionnelle lui permet d&rsquo;aborder les d\u00e9fis du d\u00e9veloppement durable en proposant des solutions int\u00e9grales et contextualis\u00e9es. Sa formation universitaire comprend une licence en sociologie de l&rsquo;Universit\u00e9 pontificale catholique du P\u00e9rou (PUCP), un master en syst\u00e8mes de patrimoine agricole de l&rsquo;Universit\u00e9 de Florence, un autre en gestion du patrimoine culturel de l&rsquo;Universit\u00e9 de Barcelone et une sp\u00e9cialisation en \u00e9valuation de l&rsquo;impact social de l&rsquo;Universit\u00e9 de Strathclyde Glasgow.<\/p>\n<p>[\/et_pb_text][et_pb_image src=\u00a0\u00bbhttps:\/\/icsi.insuco.com\/wp-content\/uploads\/2026\/01\/Julian-foto.png\u00a0\u00bb alt=\u00a0\u00bbGuill\u00e9n Calvo\u00a0\u00bb title_text=\u00a0\u00bbJulian foto\u00a0\u00bb _builder_version=\u00a0\u00bb4.27.5&Prime; _module_preset=\u00a0\u00bbdefault\u00a0\u00bb use_background_color_gradient=\u00a0\u00bbon\u00a0\u00bb background_color_gradient_direction=\u00a0\u00bb90deg\u00a0\u00bb background_color_gradient_stops=\u00a0\u00bb#ffffff 73%|#05838e 73%\u00a0\u00bb background_color_gradient_overlays_image=\u00a0\u00bbon\u00a0\u00bb global_colors_info=\u00a0\u00bb{}\u00a0\u00bb][\/et_pb_image][et_pb_text _builder_version=\u00a0\u00bb4.27.5&Prime; _module_preset=\u00a0\u00bbdefault\u00a0\u00bb text_font=\u00a0\u00bb||||||||\u00a0\u00bb header_3_text_color=\u00a0\u00bb#05838E\u00a0\u00bb header_3_font_size=\u00a0\u00bb20px\u00a0\u00bb header_4_text_color=\u00a0\u00bb#05838E\u00a0\u00bb header_4_font_size=\u00a0\u00bb20px\u00a0\u00bb global_colors_info=\u00a0\u00bb{}\u00a0\u00bb]<\/p>\n<h3>Julian Zapata<\/h3>\n<h6>Analyste de projets<\/h6>\n<p style=\"text-align: justify;\">Historien avec plus de deux ans d&rsquo;exp\u00e9rience dans le secteur de la gestion sociale et de la durabilit\u00e9, sp\u00e9cialis\u00e9 dans l&rsquo;analyse et la collecte d&rsquo;informations primaires et secondaires. Il poss\u00e8de \u00e9galement une exp\u00e9rience dans la recherche archivistique et est l&rsquo;auteur d&rsquo;ouvrages sur l&rsquo;histoire politique et la pens\u00e9e, la mus\u00e9ologie, l&rsquo;histoire urbaine et l&rsquo;int\u00e9gration technologique dans la p\u00e9dagogie historique. Dans le domaine de la gestion sociale, il a occup\u00e9 le poste d&rsquo;analyste chez Insuco Colombia et, depuis 2025, chez ICSI, o\u00f9 il fait partie de l&rsquo;\u00e9quipe charg\u00e9e de la mise en \u0153uvre de l&rsquo;Observatoire des transformations territoriales (OTT).<\/p>\n<p style=\"text-align: justify;\">Au sein de l&rsquo;OTT, il participe \u00e0 la conception et au d\u00e9veloppement de m\u00e9thodologies qualitatives et quantitatives sur le territoire et joue un r\u00f4le de soutien dans la production de preuves et la syst\u00e9matisation de l&rsquo;information, dans le but de contribuer aux processus de transformation territoriale et de dialogue multi-acteurs pour la prise de d\u00e9cision.<\/p>\n<p>[\/et_pb_text][\/et_pb_column][et_pb_column type=\u00a0\u00bb1_2&Prime; _builder_version=\u00a0\u00bb4.22.0&Prime; _module_preset=\u00a0\u00bbdefault\u00a0\u00bb animation_style=\u00a0\u00bbfade\u00a0\u00bb animation_delay=\u00a0\u00bb500ms\u00a0\u00bb global_colors_info=\u00a0\u00bb{}\u00a0\u00bb][et_pb_image src=\u00a0\u00bbhttps:\/\/icsi.insuco.com\/wp-content\/uploads\/2026\/01\/Daniel-foto.png\u00a0\u00bb alt=\u00a0\u00bbDiana\u00a0\u00bb title_text=\u00a0\u00bbDaniel foto\u00a0\u00bb _builder_version=\u00a0\u00bb4.27.5&Prime; _module_preset=\u00a0\u00bbdefault\u00a0\u00bb use_background_color_gradient=\u00a0\u00bbon\u00a0\u00bb background_color_gradient_direction=\u00a0\u00bb90deg\u00a0\u00bb background_color_gradient_stops=\u00a0\u00bb#ffffff 73%|#05838e 73%\u00a0\u00bb background_color_gradient_overlays_image=\u00a0\u00bbon\u00a0\u00bb global_colors_info=\u00a0\u00bb{}\u00a0\u00bb][\/et_pb_image][et_pb_text _builder_version=\u00a0\u00bb4.27.5&Prime; _module_preset=\u00a0\u00bbdefault\u00a0\u00bb text_font=\u00a0\u00bb||||||||\u00a0\u00bb header_3_text_color=\u00a0\u00bb#05838E\u00a0\u00bb header_3_font_size=\u00a0\u00bb20px\u00a0\u00bb header_4_text_color=\u00a0\u00bb#05838E\u00a0\u00bb header_4_font_size=\u00a0\u00bb20px\u00a0\u00bb custom_padding=\u00a0\u00bb0px|||||\u00a0\u00bb global_colors_info=\u00a0\u00bb{}\u00a0\u00bb]<\/p>\n<h3>Daniel Hernando<\/h3>\n<h6>Coordinateur de l&rsquo;Observatoire des transformations territoriales (OTT)<\/h6>\n<p>&nbsp;<\/p>\n<p style=\"text-align: justify;\">Daniel est titulaire d&rsquo;une licence en sociologie de l&rsquo;Universit\u00e9 pontificale catholique du P\u00e9rou et d&rsquo;un master en sciences du d\u00e9veloppement durable de l&rsquo;Universit\u00e9 catholique de Louvain (KU Leuven). Il poss\u00e8de une exp\u00e9rience dans la recherche appliqu\u00e9e sur les dynamiques socio-environnementales dans le contexte des \u00e9conomies illicites, en particulier en Amazonie p\u00e9ruvienne et dans les zones frontali\u00e8res. Son travail s&rsquo;est concentr\u00e9 sur l&rsquo;analyse des relations entre les \u00e9conomies illicites, la gouvernance territoriale et la biodiversit\u00e9, \u00e0 partir d&rsquo;une approche interdisciplinaire combinant l&rsquo;analyse g\u00e9ospatiale et des m\u00e9thodes qualitatives.<\/p>\n<p style=\"text-align: justify;\">Tout au long de sa carri\u00e8re, il a particip\u00e9 \u00e0 des \u00e9tudes et \u00e0 des projets de recherche appliqu\u00e9e sur le d\u00e9veloppement territorial, l&rsquo;exploitation mini\u00e8re et les \u00e9conomies illicites, y compris des initiatives financ\u00e9es par des organismes internationaux et des programmes de coop\u00e9ration. Il a publi\u00e9 des recherches universitaires et des rapports institutionnels sur l&rsquo;exploitation mini\u00e8re informelle et ill\u00e9gale, les \u00e9conomies illicites et la gouvernance territoriale dans des revues sp\u00e9cialis\u00e9es et des plateformes d&rsquo;analyse des politiques publiques, et a collabor\u00e9 avec des \u00e9quipes universitaires et des organismes de recherche au niveau national et international.<\/p>\n<p style=\"text-align: justify;\">Au sein de l&rsquo;OTT, il participe \u00e0 la conception et au d\u00e9veloppement d&rsquo;analyses territoriales, \u00e0 la production de preuves et \u00e0 la syst\u00e9matisation d&rsquo;informations afin de comprendre les processus de transformation territoriale et d&rsquo;apporter des contributions au dialogue multipartite et \u00e0 la prise de d\u00e9cision.<\/p>\n<p>[\/et_pb_text][et_pb_image src=\u00a0\u00bbhttps:\/\/icsi.insuco.com\/wp-content\/uploads\/2026\/01\/Carla-foto.png\u00a0\u00bb alt=\u00a0\u00bbDiana\u00a0\u00bb title_text=\u00a0\u00bbCarla foto\u00a0\u00bb _builder_version=\u00a0\u00bb4.27.5&Prime; _module_preset=\u00a0\u00bbdefault\u00a0\u00bb use_background_color_gradient=\u00a0\u00bbon\u00a0\u00bb background_color_gradient_direction=\u00a0\u00bb90deg\u00a0\u00bb background_color_gradient_stops=\u00a0\u00bb#ffffff 73%|#05838e 73%\u00a0\u00bb background_color_gradient_overlays_image=\u00a0\u00bbon\u00a0\u00bb global_colors_info=\u00a0\u00bb{}\u00a0\u00bb][\/et_pb_image][et_pb_text _builder_version=\u00a0\u00bb4.27.5&Prime; _module_preset=\u00a0\u00bbdefault\u00a0\u00bb text_font=\u00a0\u00bb||||||||\u00a0\u00bb header_3_text_color=\u00a0\u00bb#05838E\u00a0\u00bb header_3_font_size=\u00a0\u00bb20px\u00a0\u00bb header_4_text_color=\u00a0\u00bb#05838E\u00a0\u00bb header_4_font_size=\u00a0\u00bb20px\u00a0\u00bb global_colors_info=\u00a0\u00bb{}\u00a0\u00bb]<\/p>\n<h3>Carla Alvarado<\/h3>\n<h6>Stagiaire pr\u00e9professionnelle<\/h6>\n<p style=\"text-align: justify;\">\u00c9tudiante en communication pour le d\u00e9veloppement \u00e0 l&rsquo;Universit\u00e9 pontificale catholique du P\u00e9rou, avec une exp\u00e9rience dans la conception et le soutien \u00e0 la mise en \u0153uvre de strat\u00e9gies de communication ax\u00e9es sur le changement social. Elle a \u00e9volu\u00e9 en tant que stagiaire pr\u00e9professionnelle en collecte de fonds \u00e0 l&rsquo;ICSI, apportant son soutien dans la gestion de l&rsquo;information et la communication avec les acteurs strat\u00e9giques. Elle m\u00e8ne actuellement des recherches sur l&rsquo;autonomisation des femmes dans les communaut\u00e9s amazoniennes du P\u00e9rou afin d&rsquo;obtenir une licence en communication.<\/p>\n<p>[\/et_pb_text][\/et_pb_column][\/et_pb_row][\/et_pb_section][et_pb_section fb_built=\u00a0\u00bb1&Prime; module_id=\u00a0\u00bblignes-d-action\u00a0\u00bb _builder_version=\u00a0\u00bb4.22.0&Prime; width=\u00a0\u00bb100%\u00a0\u00bb locked=\u00a0\u00bboff\u00a0\u00bb global_colors_info=\u00a0\u00bb{}\u00a0\u00bb][et_pb_row _builder_version=\u00a0\u00bb4.22.0&Prime; _module_preset=\u00a0\u00bbdefault\u00a0\u00bb global_colors_info=\u00a0\u00bb{}\u00a0\u00bb][et_pb_column type=\u00a0\u00bb4_4&Prime; _builder_version=\u00a0\u00bb4.22.0&Prime; _module_preset=\u00a0\u00bbdefault\u00a0\u00bb global_colors_info=\u00a0\u00bb{}\u00a0\u00bb][et_pb_text _builder_version=\u00a0\u00bb4.22.0&Prime; _module_preset=\u00a0\u00bbdefault\u00a0\u00bb text_text_color=\u00a0\u00bb#05838E\u00a0\u00bb text_font_size=\u00a0\u00bb16px\u00a0\u00bb text_orientation=\u00a0\u00bbcenter\u00a0\u00bb global_colors_info=\u00a0\u00bb{}\u00a0\u00bb]<\/p>\n<p>Notre travail est r\u00e9alis\u00e9 en coordination avec les \u00e9quipes des diff\u00e9rents bureaux d&rsquo;Insuco dans le monde.<\/p>\n<p>[\/et_pb_text][\/et_pb_column][\/et_pb_row][\/et_pb_section]<\/p>\n<span class=\"et_bloom_bottom_trigger\"><\/span>","protected":false},"excerpt":{"rendered":"<p>Nos initiatives et objectifsNotre initiative \u00c0 l&rsquo;ICSI, nous g\u00e9n\u00e9rons des innovations multidisciplinaires en tissant des liens avec une diversit\u00e9 d&rsquo;acteurs sociaux et en promouvant des activit\u00e9s de plaidoyer qui relient des questions globales \u00e0 des enjeux locaux. Notre mission est d\u2019accompagner les transformations des territoires sur lesquels nous intervenons en mobilisant nos r\u00e9seaux, les citoyens [&hellip;]<\/p>\n","protected":false},"author":1,"featured_media":0,"parent":0,"menu_order":0,"comment_status":"closed","ping_status":"closed","template":"","meta":{"_et_pb_use_builder":"on","_et_pb_old_content":"","_et_gb_content_width":"","footnotes":""},"class_list":["post-646","page","type-page","status-publish","hentry"],"_links":{"self":[{"href":"https:\/\/icsi.insuco.com\/fr\/wp-json\/wp\/v2\/pages\/646","targetHints":{"allow":["GET"]}}],"collection":[{"href":"https:\/\/icsi.insuco.com\/fr\/wp-json\/wp\/v2\/pages"}],"about":[{"href":"https:\/\/icsi.insuco.com\/fr\/wp-json\/wp\/v2\/types\/page"}],"author":[{"embeddable":true,"href":"https:\/\/icsi.insuco.com\/fr\/wp-json\/wp\/v2\/users\/1"}],"replies":[{"embeddable":true,"href":"https:\/\/icsi.insuco.com\/fr\/wp-json\/wp\/v2\/comments?post=646"}],"version-history":[{"count":22,"href":"https:\/\/icsi.insuco.com\/fr\/wp-json\/wp\/v2\/pages\/646\/revisions"}],"predecessor-version":[{"id":1670,"href":"https:\/\/icsi.insuco.com\/fr\/wp-json\/wp\/v2\/pages\/646\/revisions\/1670"}],"wp:attachment":[{"href":"https:\/\/icsi.insuco.com\/fr\/wp-json\/wp\/v2\/media?parent=646"}],"curies":[{"name":"wp","href":"https:\/\/api.w.org\/{rel}","templated":true}]}}